{"id":2984,"date":"2025-10-28T22:36:59","date_gmt":"2025-10-28T21:36:59","guid":{"rendered":"https:\/\/www.nplaw.ch\/?page_id=2984"},"modified":"2025-10-31T15:20:56","modified_gmt":"2025-10-31T14:20:56","slug":"geschichte","status":"publish","type":"page","link":"https:\/\/www.nplaw.ch\/sr\/geschichte\/","title":{"rendered":"Geschichte"},"content":{"rendered":"\t\t<div data-elementor-type=\"wp-page\" data-elementor-id=\"2984\" class=\"elementor elementor-2984\" data-elementor-post-type=\"page\">\n\t\t\t\t<div class=\"elementor-element elementor-element-2c2185b nvp-hero-element e-con-full e-flex e-con e-parent\" data-id=\"2c2185b\" data-element_type=\"container\">\n\t\t<div class=\"elementor-element elementor-element-4b238ec e-flex e-con-boxed e-con e-child\" data-id=\"4b238ec\" data-element_type=\"container\">\n\t\t\t\t\t<div class=\"e-con-inner\">\n\t\t\t\t<div class=\"elementor-element elementor-element-d8c0e77 elementor-widget elementor-widget-heading\" data-id=\"d8c0e77\" data-element_type=\"widget\" data-reveal=\"load\" data-split=\"lines\" data-widget_type=\"heading.default\">\n\t\t\t\t\t<h1 class=\"elementor-heading-title elementor-size-default\">Geschichte<\/h1>\t\t\t\t<\/div>\n\t\t\t\t<div class=\"elementor-element elementor-element-eba44cf elementor-widget elementor-widget-text-editor\" data-id=\"eba44cf\" data-element_type=\"widget\" data-load-items=\"fade-default\" data-widget_type=\"text-editor.default\">\n\t\t\t\t\t\t\t\t\tUnsere Geschichte ist Grundlage f\u00fcr Vertrauen.\nAktuelles und Historisches, das zeigt, wof\u00fcr Neupert Vuille Partners seit 1851 steht.\t\t\t\t\t\t\t\t<\/div>\n\t\t\t\t\t<\/div>\n\t\t\t\t<\/div>\n\t\t\t\t<\/div>\n\t\t<div class=\"elementor-element elementor-element-25e071f e-flex e-con-boxed e-con e-parent\" data-id=\"25e071f\" data-element_type=\"container\" data-reveal=\"fade\">\n\t\t\t\t\t<div class=\"e-con-inner\">\n\t\t<div class=\"elementor-element elementor-element-6fec3c4 e-con-full e-flex e-con e-child\" data-id=\"6fec3c4\" data-element_type=\"container\" data-reveal-timeline=\"reveal\">\n\t\t<div class=\"elementor-element elementor-element-cd4d346 e-con-full e-flex e-con e-child\" data-id=\"cd4d346\" data-element_type=\"container\" data-settings=\"{&quot;background_background&quot;:&quot;classic&quot;}\">\n\t\t\t\t<div class=\"elementor-element elementor-element-3d2dbc7 elementor-widget elementor-widget-heading\" data-id=\"3d2dbc7\" data-element_type=\"widget\" data-widget_type=\"heading.default\">\n\t\t\t\t\t<h3 class=\"elementor-heading-title elementor-size-default\">1851 \u2013 Gr\u00fcndung der Anwaltskanzlei<\/h3>\t\t\t\t<\/div>\n\t\t\t\t<div class=\"elementor-element elementor-element-c774d8a elementor-widget elementor-widget-text-editor\" data-id=\"c774d8a\" data-element_type=\"widget\" data-widget_type=\"text-editor.default\">\n\t\t\t\t\t\t\t\t\tDr. Heinrich Fick, Oberb\u00fcrgermeister von Marburg, er\u00f6ffnet die Kanzlei.\nIm gleichen Jahr wird er als Professor f\u00fcr R\u00f6misches Recht und Handelsrecht an die Universit\u00e4t Z\u00fcrich berufen.\t\t\t\t\t\t\t\t<\/div>\n\t\t\t\t<\/div>\n\t\t<div class=\"elementor-element elementor-element-e96cfaf e-con-full e-flex e-con e-child\" data-id=\"e96cfaf\" data-element_type=\"container\" data-settings=\"{&quot;background_background&quot;:&quot;classic&quot;}\">\n\t\t\t\t<div class=\"elementor-element elementor-element-0cbf856 elementor-widget elementor-widget-heading\" data-id=\"0cbf856\" data-element_type=\"widget\" data-widget_type=\"heading.default\">\n\t\t\t\t\t<h3 class=\"elementor-heading-title elementor-size-default\">1875 \u2013 Entwurf des schweizerischen Obligationenrechts<\/h3>\t\t\t\t<\/div>\n\t\t\t\t<div class=\"elementor-element elementor-element-572a682 elementor-widget elementor-widget-text-editor\" data-id=\"572a682\" data-element_type=\"widget\" data-widget_type=\"text-editor.default\">\n\t\t\t\t\t\t\t\t\t<p>Prof. Heinrich Fick legt dem Parlament den von ihm ausgearbeiteten Entwurf f\u00fcr das schweizerische Obligationenrecht vor. Dessen Inkraftsetzung erfolgte auf den 1. Januar 1883.<\/p>\t\t\t\t\t\t\t\t<\/div>\n\t\t\t\t<\/div>\n\t\t<div class=\"elementor-element elementor-element-5d21ff1 e-con-full e-flex e-con e-child\" data-id=\"5d21ff1\" data-element_type=\"container\" data-settings=\"{&quot;background_background&quot;:&quot;classic&quot;}\">\n\t\t\t\t<div class=\"elementor-element elementor-element-60a6050 elementor-widget elementor-widget-heading\" data-id=\"60a6050\" data-element_type=\"widget\" data-widget_type=\"heading.default\">\n\t\t\t\t\t<h3 class=\"elementor-heading-title elementor-size-default\">1884 \u2013 Rektor der Universit\u00e4t Z\u00fcrich<\/h3>\t\t\t\t<\/div>\n\t\t\t\t<div class=\"elementor-element elementor-element-be40e66 elementor-widget elementor-widget-text-editor\" data-id=\"be40e66\" data-element_type=\"widget\" data-widget_type=\"text-editor.default\">\n\t\t\t\t\t\t\t\t\tProf. Heinrich Fick wird Rektor der Universit\u00e4t Z\u00fcrich.\n\t\t\t\t\t\t\t\t<\/div>\n\t\t\t\t<\/div>\n\t\t<div class=\"elementor-element elementor-element-1939193 e-con-full e-flex e-con e-child\" data-id=\"1939193\" data-element_type=\"container\" data-settings=\"{&quot;background_background&quot;:&quot;classic&quot;}\">\n\t\t\t\t<div class=\"elementor-element elementor-element-07c865d elementor-widget elementor-widget-heading\" data-id=\"07c865d\" data-element_type=\"widget\" data-widget_type=\"heading.default\">\n\t\t\t\t\t<h3 class=\"elementor-heading-title elementor-size-default\">1897 \u2013 \u00dcbernahme der Kanzlei\n<\/h3>\t\t\t\t<\/div>\n\t\t\t\t<div class=\"elementor-element elementor-element-5b038c8 elementor-widget elementor-widget-text-editor\" data-id=\"5b038c8\" data-element_type=\"widget\" data-widget_type=\"text-editor.default\">\n\t\t\t\t\t\t\t\t\tDr. Fritz Fick, Sohn von Prof. Heinrich Fick und ab 1917 Pr\u00e4sident des Vereins Z\u00fcrcherischer Anw\u00e4lte, \u00fcbernimmt die Kanzlei.\nEr ver\u00f6ffentlicht im Jahr 1915 den ersten Gesamtkommentar zum schweizerischen Obligationenrecht.\t\t\t\t\t\t\t\t<\/div>\n\t\t\t\t<\/div>\n\t\t<div class=\"elementor-element elementor-element-e15f546 e-con-full e-flex e-con e-child\" data-id=\"e15f546\" data-element_type=\"container\" data-settings=\"{&quot;background_background&quot;:&quot;classic&quot;}\">\n\t\t\t\t<div class=\"elementor-element elementor-element-f5edc50 elementor-widget elementor-widget-heading\" data-id=\"f5edc50\" data-element_type=\"widget\" data-widget_type=\"heading.default\">\n\t\t\t\t\t<h3 class=\"elementor-heading-title elementor-size-default\">1913 \u2013 Vergr\u00f6sserung der Kanzlei mit Dr. Armin Schweizer<\/h3>\t\t\t\t<\/div>\n\t\t\t\t<div class=\"elementor-element elementor-element-0599aa2 elementor-widget elementor-widget-text-editor\" data-id=\"0599aa2\" data-element_type=\"widget\" data-widget_type=\"text-editor.default\">\n\t\t\t\t\t\t\t\t\tDr. Armin Schweizer tritt als neuer Partner in die Kanzlei ein.\n\t\t\t\t\t\t\t\t<\/div>\n\t\t\t\t<\/div>\n\t\t<div class=\"elementor-element elementor-element-d527f85 e-con-full e-flex e-con e-child\" data-id=\"d527f85\" data-element_type=\"container\" data-settings=\"{&quot;background_background&quot;:&quot;classic&quot;}\">\n\t\t\t\t<div class=\"elementor-element elementor-element-15acb4a elementor-widget elementor-widget-heading\" data-id=\"15acb4a\" data-element_type=\"widget\" data-widget_type=\"heading.default\">\n\t\t\t\t\t<h3 class=\"elementor-heading-title elementor-size-default\">1924 \u2013 Neuer Teilhaber: Dr. Wilhelm Frick<\/h3>\t\t\t\t<\/div>\n\t\t\t\t<div class=\"elementor-element elementor-element-fcc6ee7 elementor-widget elementor-widget-text-editor\" data-id=\"fcc6ee7\" data-element_type=\"widget\" data-widget_type=\"text-editor.default\">\n\t\t\t\t\t\t\t\t\t<p>Dr. Wilhelm Frick, seit 1921 Mitarbeiter in der Kanzlei, wird neuer Teilhaber. Die Kanzlei firmiert nun unter dem Namen Advokaturb\u00fcro Fick, Schweizer und Frick.<\/p>\t\t\t\t\t\t\t\t<\/div>\n\t\t\t\t<\/div>\n\t\t<div class=\"elementor-element elementor-element-1c1fc04 e-con-full e-flex e-con e-child\" data-id=\"1c1fc04\" data-element_type=\"container\" data-settings=\"{&quot;background_background&quot;:&quot;classic&quot;}\">\n\t\t\t\t<div class=\"elementor-element elementor-element-0ed3d25 elementor-widget elementor-widget-heading\" data-id=\"0ed3d25\" data-element_type=\"widget\" data-widget_type=\"heading.default\">\n\t\t\t\t\t<h3 class=\"elementor-heading-title elementor-size-default\">1933 \u2013 Vergr\u00f6sserung der Kanzlei mit Dr. Oskar Hoffmann<\/h3>\t\t\t\t<\/div>\n\t\t\t\t<div class=\"elementor-element elementor-element-c81fbdb elementor-widget elementor-widget-text-editor\" data-id=\"c81fbdb\" data-element_type=\"widget\" data-widget_type=\"text-editor.default\">\n\t\t\t\t\t\t\t\t\tDr. Oskar Hoffmann tritt in die Kanzlei ein.\n\t\t\t\t\t\t\t\t<\/div>\n\t\t\t\t<\/div>\n\t\t<div class=\"elementor-element elementor-element-9829e68 e-con-full e-flex e-con e-child\" data-id=\"9829e68\" data-element_type=\"container\" data-settings=\"{&quot;background_background&quot;:&quot;classic&quot;}\">\n\t\t\t\t<div class=\"elementor-element elementor-element-10c0d9f elementor-widget elementor-widget-heading\" data-id=\"10c0d9f\" data-element_type=\"widget\" data-widget_type=\"heading.default\">\n\t\t\t\t\t<h3 class=\"elementor-heading-title elementor-size-default\">1945 \u2013 Neuer Partner: Dr. Peter Prager<\/h3>\t\t\t\t<\/div>\n\t\t\t\t<div class=\"elementor-element elementor-element-de6b20a elementor-widget elementor-widget-text-editor\" data-id=\"de6b20a\" data-element_type=\"widget\" data-widget_type=\"text-editor.default\">\n\t\t\t\t\t\t\t\t\tDr. Peter Prager wird neuer Partner der Kanzlei.\n\t\t\t\t\t\t\t\t<\/div>\n\t\t\t\t<\/div>\n\t\t<div class=\"elementor-element elementor-element-dd667eb e-con-full e-flex e-con e-child\" data-id=\"dd667eb\" data-element_type=\"container\" data-settings=\"{&quot;background_background&quot;:&quot;classic&quot;}\">\n\t\t\t\t<div class=\"elementor-element elementor-element-d2afd3f elementor-widget elementor-widget-heading\" data-id=\"d2afd3f\" data-element_type=\"widget\" data-widget_type=\"heading.default\">\n\t\t\t\t\t<h3 class=\"elementor-heading-title elementor-size-default\">1962 \u2013 Vergr\u00f6sserung der Kanzlei mit Dr. Willy Frick\n<\/h3>\t\t\t\t<\/div>\n\t\t\t\t<div class=\"elementor-element elementor-element-eb4a45c elementor-widget elementor-widget-text-editor\" data-id=\"eb4a45c\" data-element_type=\"widget\" data-widget_type=\"text-editor.default\">\n\t\t\t\t\t\t\t\t\tDr. Willy Frick, Sohn von Dr. Wilhelm Frick, der Gr\u00fcnder sowie erste Pr\u00e4sident der Aerosuisse, dem Dachverband der schweizerischen Luft- und Raumfahrt, wird neuer Partner der Kanzlei.\n\t\t\t\t\t\t\t\t<\/div>\n\t\t\t\t<\/div>\n\t\t<div class=\"elementor-element elementor-element-552e84f e-con-full e-flex e-con e-child\" data-id=\"552e84f\" data-element_type=\"container\" data-settings=\"{&quot;background_background&quot;:&quot;classic&quot;}\">\n\t\t\t\t<div class=\"elementor-element elementor-element-05214dc elementor-widget elementor-widget-heading\" data-id=\"05214dc\" data-element_type=\"widget\" data-widget_type=\"heading.default\">\n\t\t\t\t\t<h3 class=\"elementor-heading-title elementor-size-default\">1968 \u2013 Neuaufnahme von Dr. Raoul Widmer<\/h3>\t\t\t\t<\/div>\n\t\t\t\t<div class=\"elementor-element elementor-element-13f3168 elementor-widget elementor-widget-text-editor\" data-id=\"13f3168\" data-element_type=\"widget\" data-widget_type=\"text-editor.default\">\n\t\t\t\t\t\t\t\t\tDr. Raoul Widmer wird als neuer Partner in die Kanzlei aufgenommen.\t\t\t\t\t\t\t\t<\/div>\n\t\t\t\t<\/div>\n\t\t<div class=\"elementor-element elementor-element-b6ea43a e-con-full e-flex e-con e-child\" data-id=\"b6ea43a\" data-element_type=\"container\" data-settings=\"{&quot;background_background&quot;:&quot;classic&quot;}\">\n\t\t\t\t<div class=\"elementor-element elementor-element-aff0ea9 elementor-widget elementor-widget-heading\" data-id=\"aff0ea9\" data-element_type=\"widget\" data-widget_type=\"heading.default\">\n\t\t\t\t\t<h3 class=\"elementor-heading-title elementor-size-default\">1977 \u2013 Dres. Vuille und Jezler<\/h3>\t\t\t\t<\/div>\n\t\t\t\t<div class=\"elementor-element elementor-element-a2e5237 elementor-widget elementor-widget-text-editor\" data-id=\"a2e5237\" data-element_type=\"widget\" data-widget_type=\"text-editor.default\">\n\t\t\t\t\t\t\t\t\t<p>Dr. Jean Marc Vuille und Dr. Christoph Jezler, der nach seiner T\u00e4tigkeit bei der Bank Leu und Nestl\u00e9 1971 sein eigenes Anwaltsb\u00fcro er\u00f6ffnet hat, schliessen sich zur Anwaltskanzlei Dres. Vuille und Jezler zusammen.<\/p>\t\t\t\t\t\t\t\t<\/div>\n\t\t\t\t<\/div>\n\t\t<div class=\"elementor-element elementor-element-f9e14d6 e-con-full e-flex e-con e-child\" data-id=\"f9e14d6\" data-element_type=\"container\" data-settings=\"{&quot;background_background&quot;:&quot;classic&quot;}\">\n\t\t\t\t<div class=\"elementor-element elementor-element-57d5945 elementor-widget elementor-widget-heading\" data-id=\"57d5945\" data-element_type=\"widget\" data-widget_type=\"heading.default\">\n\t\t\t\t\t<h3 class=\"elementor-heading-title elementor-size-default\">1981 \u2013 Dr. Dieter Neupert wird Partner<\/h3>\t\t\t\t<\/div>\n\t\t\t\t<div class=\"elementor-element elementor-element-cc91c4c elementor-widget elementor-widget-text-editor\" data-id=\"cc91c4c\" data-element_type=\"widget\" data-widget_type=\"text-editor.default\">\n\t\t\t\t\t\t\t\t\tDr. Dieter Neupert wird Partner der Kanzlei Dres. Hoffmann, Frick, Widmer &#038; Partner.\n\t\t\t\t\t\t\t\t<\/div>\n\t\t\t\t<\/div>\n\t\t<div class=\"elementor-element elementor-element-ff40535 e-con-full e-flex e-con e-child\" data-id=\"ff40535\" data-element_type=\"container\" data-settings=\"{&quot;background_background&quot;:&quot;classic&quot;}\">\n\t\t\t\t<div class=\"elementor-element elementor-element-bc4a3a8 elementor-widget elementor-widget-heading\" data-id=\"bc4a3a8\" data-element_type=\"widget\" data-widget_type=\"heading.default\">\n\t\t\t\t\t<h3 class=\"elementor-heading-title elementor-size-default\">1983 \u2013 Neuer\u00f6ffnung der Kanzlei Dr. Faber<\/h3>\t\t\t\t<\/div>\n\t\t\t\t<div class=\"elementor-element elementor-element-bee3b5f elementor-widget elementor-widget-text-editor\" data-id=\"bee3b5f\" data-element_type=\"widget\" data-widget_type=\"text-editor.default\">\n\t\t\t\t\t\t\t\t\tDr. Alexander Faber, ehemaliger Delegierter des Internationalen Komitees des Roten Kreuzes und Rechtskonsulent bei Motor-Columbus, er\u00f6ffnet sein eigenes Anwaltsb\u00fcro in Z\u00fcrich.\t\t\t\t\t\t\t\t<\/div>\n\t\t\t\t<\/div>\n\t\t<div class=\"elementor-element elementor-element-a4a30aa e-con-full e-flex e-con e-child\" data-id=\"a4a30aa\" data-element_type=\"container\" data-settings=\"{&quot;background_background&quot;:&quot;classic&quot;}\">\n\t\t\t\t<div class=\"elementor-element elementor-element-a45f2df elementor-widget elementor-widget-heading\" data-id=\"a45f2df\" data-element_type=\"widget\" data-widget_type=\"heading.default\">\n\t\t\t\t\t<h3 class=\"elementor-heading-title elementor-size-default\">1989 \u2013 Enge Kooperation<\/h3>\t\t\t\t<\/div>\n\t\t\t\t<div class=\"elementor-element elementor-element-e95e01d elementor-widget elementor-widget-text-editor\" data-id=\"e95e01d\" data-element_type=\"widget\" data-widget_type=\"text-editor.default\">\n\t\t\t\t\t\t\t\t\tDie Kanzlei Dres. Frick, Widmer &#038; Neupert beginnt eine enge Zusammenarbeit mit der Kanzlei Dres. Vuille und Jezler.\t\t\t\t\t\t\t\t<\/div>\n\t\t\t\t<\/div>\n\t\t<div class=\"elementor-element elementor-element-61e3f33 e-con-full e-flex e-con e-child\" data-id=\"61e3f33\" data-element_type=\"container\" data-settings=\"{&quot;background_background&quot;:&quot;classic&quot;}\">\n\t\t\t\t<div class=\"elementor-element elementor-element-df1a9c0 elementor-widget elementor-widget-heading\" data-id=\"df1a9c0\" data-element_type=\"widget\" data-widget_type=\"heading.default\">\n\t\t\t\t\t<h3 class=\"elementor-heading-title elementor-size-default\">1992 \u2013 Dr. Martin D\u00fcnner<\/h3>\t\t\t\t<\/div>\n\t\t\t\t<div class=\"elementor-element elementor-element-6b854fa elementor-widget elementor-widget-text-editor\" data-id=\"6b854fa\" data-element_type=\"widget\" data-widget_type=\"text-editor.default\">\n\t\t\t\t\t\t\t\t\tDr. Martin D\u00fcnner, fr\u00fcherer Rechtskonsulent und Direktionsmitglied der Intershop Holding sowie der Doviag-Gruppe, wird Partner einer Wirtschaftskanzlei in Z\u00fcrich.\t\t\t\t\t\t\t\t<\/div>\n\t\t\t\t<\/div>\n\t\t<div class=\"elementor-element elementor-element-c8f1f70 e-con-full e-flex e-con e-child\" data-id=\"c8f1f70\" data-element_type=\"container\" data-settings=\"{&quot;background_background&quot;:&quot;classic&quot;}\">\n\t\t\t\t<div class=\"elementor-element elementor-element-b16c3c6 elementor-widget elementor-widget-heading\" data-id=\"b16c3c6\" data-element_type=\"widget\" data-widget_type=\"heading.default\">\n\t\t\t\t\t<h3 class=\"elementor-heading-title elementor-size-default\">2000 \u2013 Neustrukturierung<\/h3>\t\t\t\t<\/div>\n\t\t\t\t<div class=\"elementor-element elementor-element-b149ad9 elementor-widget elementor-widget-text-editor\" data-id=\"b149ad9\" data-element_type=\"widget\" data-widget_type=\"text-editor.default\">\n\t\t\t\t\t\t\t\t\tDie Kanzlei wird unter dem Namen NEUPERT &#038; PARTNER neu strukturiert.\t\t\t\t\t\t\t\t<\/div>\n\t\t\t\t<\/div>\n\t\t<div class=\"elementor-element elementor-element-0383a28 e-con-full e-flex e-con e-child\" data-id=\"0383a28\" data-element_type=\"container\" data-settings=\"{&quot;background_background&quot;:&quot;classic&quot;}\">\n\t\t\t\t<div class=\"elementor-element elementor-element-4f4bd0e elementor-widget elementor-widget-heading\" data-id=\"4f4bd0e\" data-element_type=\"widget\" data-widget_type=\"heading.default\">\n\t\t\t\t\t<h3 class=\"elementor-heading-title elementor-size-default\">2011 \u2013 Zusammenschluss und neuer Auftritt<\/h3>\t\t\t\t<\/div>\n\t\t\t\t<div class=\"elementor-element elementor-element-b0426bf elementor-widget elementor-widget-text-editor\" data-id=\"b0426bf\" data-element_type=\"widget\" data-widget_type=\"text-editor.default\">\n\t\t\t\t\t\t\t\t\t<p>Die Kanzlei NEUPERT &amp; PARTNER schliesst sich mit der Kanzlei Vuille &amp; Partner zusammen. Es erfolgt ein Neuauftritt der Kanzlei unter dem Namen NEUPERT VUILLE PARTNERS.<\/p>\t\t\t\t\t\t\t\t<\/div>\n\t\t\t\t<\/div>\n\t\t<div class=\"elementor-element elementor-element-619b6c2 e-con-full e-flex e-con e-child\" data-id=\"619b6c2\" data-element_type=\"container\" data-settings=\"{&quot;background_background&quot;:&quot;classic&quot;}\">\n\t\t\t\t<div class=\"elementor-element elementor-element-6568a1e elementor-widget elementor-widget-heading\" data-id=\"6568a1e\" data-element_type=\"widget\" data-widget_type=\"heading.default\">\n\t\t\t\t\t<h3 class=\"elementor-heading-title elementor-size-default\">2014 \u2013 Dr. Andr\u00e9 Terlinden wird Partner<\/h3>\t\t\t\t<\/div>\n\t\t\t\t<div class=\"elementor-element elementor-element-13701e2 elementor-widget elementor-widget-text-editor\" data-id=\"13701e2\" data-element_type=\"widget\" data-widget_type=\"text-editor.default\">\n\t\t\t\t\t\t\t\t\tDr. Andr\u00e9 Terlinden wird neuer Partner von NEUPERT VUILLE PARTNERS. Er ist bereits seit 2012 Mitarbeiter der Kanzlei.\t\t\t\t\t\t\t\t<\/div>\n\t\t\t\t<\/div>\n\t\t<div class=\"elementor-element elementor-element-67fc7fc e-con-full e-flex e-con e-child\" data-id=\"67fc7fc\" data-element_type=\"container\" data-settings=\"{&quot;background_background&quot;:&quot;classic&quot;}\">\n\t\t\t\t<div class=\"elementor-element elementor-element-42003d9 elementor-widget elementor-widget-heading\" data-id=\"42003d9\" data-element_type=\"widget\" data-widget_type=\"heading.default\">\n\t\t\t\t\t<h3 class=\"elementor-heading-title elementor-size-default\">2021 \u2013 Dr. Timo Fenner wird Partner<\/h3>\t\t\t\t<\/div>\n\t\t\t\t<div class=\"elementor-element elementor-element-1f9fac7 elementor-widget elementor-widget-text-editor\" data-id=\"1f9fac7\" data-element_type=\"widget\" data-widget_type=\"text-editor.default\">\n\t\t\t\t\t\t\t\t\tDr. Timo Fenner wird neuer Partner von NEUPERT VUILLE PARTNERS. Er ist bereits seit 2018 Mitarbeiter der Kanzlei.\t\t\t\t\t\t\t\t<\/div>\n\t\t\t\t<\/div>\n\t\t\t\t<\/div>\n\t\t<div class=\"elementor-element elementor-element-abbed44 e-con-full elementor-hidden-mobile e-flex e-con e-child\" data-id=\"abbed44\" data-element_type=\"container\">\n\t\t\t\t<\/div>\n\t\t\t\t\t<\/div>\n\t\t\t\t<\/div>\n\t\t\t\t<\/div>\n\t\t","protected":false},"excerpt":{"rendered":"<p>Geschichte Unsere Geschichte ist Grundlage f\u00fcr Vertrauen. Aktuelles und Historisches, das zeigt, wof\u00fcr Neupert Vuille Partners seit 1851 steht. 1851 \u2013 Gr\u00fcndung der Anwaltskanzlei Dr. Heinrich Fick, Oberb\u00fcrgermeister von Marburg, er\u00f6ffnet die Kanzlei. Im gleichen Jahr wird er als Professor f\u00fcr R\u00f6misches Recht und Handelsrecht an die Universit\u00e4t Z\u00fcrich berufen. 1875 \u2013 Entwurf des schweizerischen [&hellip;]<\/p>\n","protected":false},"author":1,"featured_media":0,"parent":0,"menu_order":0,"comment_status":"closed","ping_status":"closed","template":"","meta":{"_acf_changed":false,"footnotes":""},"class_list":["post-2984","page","type-page","status-publish","hentry"],"acf":[],"aioseo_notices":[],"aioseo_head":"\n\t\t<!-- All in One SEO Pro 5.0.1.1 - aioseo.com -->\n\t<meta name=\"description\" content=\"Geschichte Unsere Geschichte ist Grundlage f\u00fcr Vertrauen. Aktuelles und Historisches, das zeigt, wof\u00fcr Neupert Vuille Partners seit 1851 steht. 1851 \u2013 Gr\u00fcndung der Anwaltskanzlei Dr. Heinrich Fick, Oberb\u00fcrgermeister von Marburg, er\u00f6ffnet die Kanzlei. Im gleichen Jahr wird er als Professor f\u00fcr R\u00f6misches Recht und Handelsrecht an die Universit\u00e4t Z\u00fcrich berufen. 1875 \u2013 Entwurf des schweizerischen\" \/>\n\t<meta name=\"robots\" content=\"max-image-preview:large\" \/>\n\t<link rel=\"canonical\" href=\"https:\/\/www.nplaw.ch\/sr\/geschichte\/\" \/>\n\t<meta name=\"generator\" content=\"All in One SEO Pro (AIOSEO) 5.0.1.1\" \/>\n\t\t<meta property=\"og:locale\" content=\"sr_RS\" \/>\n\t\t<meta property=\"og:site_name\" content=\"Neupert Vuille Partners -\" \/>\n\t\t<meta property=\"og:type\" content=\"article\" \/>\n\t\t<meta property=\"og:title\" content=\"Geschichte - Neupert Vuille Partners\" \/>\n\t\t<meta property=\"og:description\" content=\"Geschichte Unsere Geschichte ist Grundlage f\u00fcr Vertrauen. Aktuelles und Historisches, das zeigt, wof\u00fcr Neupert Vuille Partners seit 1851 steht. 1851 \u2013 Gr\u00fcndung der Anwaltskanzlei Dr. Heinrich Fick, Oberb\u00fcrgermeister von Marburg, er\u00f6ffnet die Kanzlei. Im gleichen Jahr wird er als Professor f\u00fcr R\u00f6misches Recht und Handelsrecht an die Universit\u00e4t Z\u00fcrich berufen. 1875 \u2013 Entwurf des schweizerischen\" \/>\n\t\t<meta property=\"og:url\" content=\"https:\/\/www.nplaw.ch\/sr\/geschichte\/\" \/>\n\t\t<meta property=\"article:published_time\" content=\"2025-10-28T21:36:59+00:00\" \/>\n\t\t<meta property=\"article:modified_time\" content=\"2025-10-31T14:20:56+00:00\" \/>\n\t\t<meta name=\"twitter:card\" content=\"summary_large_image\" \/>\n\t\t<meta name=\"twitter:title\" content=\"Geschichte - Neupert Vuille Partners\" \/>\n\t\t<meta name=\"twitter:description\" content=\"Geschichte Unsere Geschichte ist Grundlage f\u00fcr Vertrauen. Aktuelles und Historisches, das zeigt, wof\u00fcr Neupert Vuille Partners seit 1851 steht. 1851 \u2013 Gr\u00fcndung der Anwaltskanzlei Dr. Heinrich Fick, Oberb\u00fcrgermeister von Marburg, er\u00f6ffnet die Kanzlei. Im gleichen Jahr wird er als Professor f\u00fcr R\u00f6misches Recht und Handelsrecht an die Universit\u00e4t Z\u00fcrich berufen. 1875 \u2013 Entwurf des schweizerischen\" \/>\n\t\t<script type=\"application\/ld+json\" class=\"aioseo-schema\">\n\t\t\t{\"@context\":\"https:\\\/\\\/schema.org\",\"@graph\":[{\"@type\":\"BreadcrumbList\",\"@id\":\"https:\\\/\\\/www.nplaw.ch\\\/sr\\\/geschichte\\\/#breadcrumblist\",\"itemListElement\":[{\"@type\":\"ListItem\",\"@id\":\"https:\\\/\\\/www.nplaw.ch\\\/sr\\\/#listItem\",\"position\":1,\"name\":\"Home\",\"item\":\"https:\\\/\\\/www.nplaw.ch\\\/sr\\\/\",\"nextItem\":{\"@type\":\"ListItem\",\"@id\":\"https:\\\/\\\/www.nplaw.ch\\\/sr\\\/geschichte\\\/#listItem\",\"name\":\"Geschichte\"}},{\"@type\":\"ListItem\",\"@id\":\"https:\\\/\\\/www.nplaw.ch\\\/sr\\\/geschichte\\\/#listItem\",\"position\":2,\"name\":\"Geschichte\",\"previousItem\":{\"@type\":\"ListItem\",\"@id\":\"https:\\\/\\\/www.nplaw.ch\\\/sr\\\/#listItem\",\"name\":\"Home\"}}]},{\"@type\":\"Organization\",\"@id\":\"https:\\\/\\\/www.nplaw.ch\\\/sr\\\/#organization\",\"name\":\"Neupert Vuille Partners\",\"url\":\"https:\\\/\\\/www.nplaw.ch\\\/sr\\\/\"},{\"@type\":\"WebPage\",\"@id\":\"https:\\\/\\\/www.nplaw.ch\\\/sr\\\/geschichte\\\/#webpage\",\"url\":\"https:\\\/\\\/www.nplaw.ch\\\/sr\\\/geschichte\\\/\",\"name\":\"Geschichte - Neupert Vuille Partners\",\"description\":\"Geschichte Unsere Geschichte ist Grundlage f\\u00fcr Vertrauen. Aktuelles und Historisches, das zeigt, wof\\u00fcr Neupert Vuille Partners seit 1851 steht. 1851 \\u2013 Gr\\u00fcndung der Anwaltskanzlei Dr. Heinrich Fick, Oberb\\u00fcrgermeister von Marburg, er\\u00f6ffnet die Kanzlei. Im gleichen Jahr wird er als Professor f\\u00fcr R\\u00f6misches Recht und Handelsrecht an die Universit\\u00e4t Z\\u00fcrich berufen. 1875 \\u2013 Entwurf des schweizerischen\",\"inLanguage\":\"sr-RS\",\"isPartOf\":{\"@id\":\"https:\\\/\\\/www.nplaw.ch\\\/sr\\\/#website\"},\"breadcrumb\":{\"@id\":\"https:\\\/\\\/www.nplaw.ch\\\/sr\\\/geschichte\\\/#breadcrumblist\"},\"datePublished\":\"2025-10-28T22:36:59+01:00\",\"dateModified\":\"2025-10-31T15:20:56+01:00\"},{\"@type\":\"WebSite\",\"@id\":\"https:\\\/\\\/www.nplaw.ch\\\/sr\\\/#website\",\"url\":\"https:\\\/\\\/www.nplaw.ch\\\/sr\\\/\",\"name\":\"Neupert Vuille Partners\",\"inLanguage\":\"sr-RS\",\"publisher\":{\"@id\":\"https:\\\/\\\/www.nplaw.ch\\\/sr\\\/#organization\"}}]}\n\t\t<\/script>\n\t\t<!-- All in One SEO Pro -->\r\n\t\t<title>Geschichte - Neupert Vuille Partners<\/title>\n\n","aioseo_head_json":{"title":"Geschichte - Neupert Vuille Partners","description":"Geschichte Unsere Geschichte ist Grundlage f\u00fcr Vertrauen. Aktuelles und Historisches, das zeigt, wof\u00fcr Neupert Vuille Partners seit 1851 steht. 1851 \u2013 Gr\u00fcndung der Anwaltskanzlei Dr. Heinrich Fick, Oberb\u00fcrgermeister von Marburg, er\u00f6ffnet die Kanzlei. Im gleichen Jahr wird er als Professor f\u00fcr R\u00f6misches Recht und Handelsrecht an die Universit\u00e4t Z\u00fcrich berufen. 1875 \u2013 Entwurf des schweizerischen","canonical_url":"https:\/\/www.nplaw.ch\/sr\/geschichte\/","robots":"max-image-preview:large","keywords":"","webmasterTools":{"miscellaneous":""},"schema":{"@context":"https:\/\/schema.org","@graph":[{"@type":"BreadcrumbList","@id":"https:\/\/www.nplaw.ch\/sr\/geschichte\/#breadcrumblist","itemListElement":[{"@type":"ListItem","@id":"https:\/\/www.nplaw.ch\/sr\/#listItem","position":1,"name":"Home","item":"https:\/\/www.nplaw.ch\/sr\/","nextItem":{"@type":"ListItem","@id":"https:\/\/www.nplaw.ch\/sr\/geschichte\/#listItem","name":"Geschichte"}},{"@type":"ListItem","@id":"https:\/\/www.nplaw.ch\/sr\/geschichte\/#listItem","position":2,"name":"Geschichte","previousItem":{"@type":"ListItem","@id":"https:\/\/www.nplaw.ch\/sr\/#listItem","name":"Home"}}]},{"@type":"Organization","@id":"https:\/\/www.nplaw.ch\/sr\/#organization","name":"Neupert Vuille Partners","url":"https:\/\/www.nplaw.ch\/sr\/"},{"@type":"WebPage","@id":"https:\/\/www.nplaw.ch\/sr\/geschichte\/#webpage","url":"https:\/\/www.nplaw.ch\/sr\/geschichte\/","name":"Geschichte - Neupert Vuille Partners","description":"Geschichte Unsere Geschichte ist Grundlage f\u00fcr Vertrauen. Aktuelles und Historisches, das zeigt, wof\u00fcr Neupert Vuille Partners seit 1851 steht. 1851 \u2013 Gr\u00fcndung der Anwaltskanzlei Dr. Heinrich Fick, Oberb\u00fcrgermeister von Marburg, er\u00f6ffnet die Kanzlei. Im gleichen Jahr wird er als Professor f\u00fcr R\u00f6misches Recht und Handelsrecht an die Universit\u00e4t Z\u00fcrich berufen. 1875 \u2013 Entwurf des schweizerischen","inLanguage":"sr-RS","isPartOf":{"@id":"https:\/\/www.nplaw.ch\/sr\/#website"},"breadcrumb":{"@id":"https:\/\/www.nplaw.ch\/sr\/geschichte\/#breadcrumblist"},"datePublished":"2025-10-28T22:36:59+01:00","dateModified":"2025-10-31T15:20:56+01:00"},{"@type":"WebSite","@id":"https:\/\/www.nplaw.ch\/sr\/#website","url":"https:\/\/www.nplaw.ch\/sr\/","name":"Neupert Vuille Partners","inLanguage":"sr-RS","publisher":{"@id":"https:\/\/www.nplaw.ch\/sr\/#organization"}}]},"og:locale":"sr_RS","og:site_name":"Neupert Vuille Partners -","og:type":"article","og:title":"Geschichte - Neupert Vuille Partners","og:description":"Geschichte Unsere Geschichte ist Grundlage f\u00fcr Vertrauen. Aktuelles und Historisches, das zeigt, wof\u00fcr Neupert Vuille Partners seit 1851 steht. 1851 \u2013 Gr\u00fcndung der Anwaltskanzlei Dr. Heinrich Fick, Oberb\u00fcrgermeister von Marburg, er\u00f6ffnet die Kanzlei. Im gleichen Jahr wird er als Professor f\u00fcr R\u00f6misches Recht und Handelsrecht an die Universit\u00e4t Z\u00fcrich berufen. 1875 \u2013 Entwurf des schweizerischen","og:url":"https:\/\/www.nplaw.ch\/sr\/geschichte\/","article:published_time":"2025-10-28T21:36:59+00:00","article:modified_time":"2025-10-31T14:20:56+00:00","twitter:card":"summary_large_image","twitter:title":"Geschichte - Neupert Vuille Partners","twitter:description":"Geschichte Unsere Geschichte ist Grundlage f\u00fcr Vertrauen. Aktuelles und Historisches, das zeigt, wof\u00fcr Neupert Vuille Partners seit 1851 steht. 1851 \u2013 Gr\u00fcndung der Anwaltskanzlei Dr. Heinrich Fick, Oberb\u00fcrgermeister von Marburg, er\u00f6ffnet die Kanzlei. Im gleichen Jahr wird er als Professor f\u00fcr R\u00f6misches Recht und Handelsrecht an die Universit\u00e4t Z\u00fcrich berufen. 1875 \u2013 Entwurf des schweizerischen"},"aioseo_meta_data":{"post_id":"2984","title":null,"description":null,"keywords":null,"keyphrases":{"focus":[],"additional":[]},"primary_term":null,"canonical_url":null,"og_title":null,"og_description":null,"og_object_type":"default","og_image_type":"default","og_image_url":null,"og_image_width":null,"og_image_height":null,"og_image_custom_url":null,"og_image_custom_fields":null,"og_video":null,"og_custom_url":null,"og_article_section":null,"og_article_tags":null,"twitter_use_og":false,"twitter_card":"default","twitter_image_type":"default","twitter_image_url":null,"twitter_image_custom_url":null,"twitter_image_custom_fields":null,"twitter_title":null,"twitter_description":null,"schema":{"blockGraphs":[],"customGraphs":[],"default":{"data":{"Article":[],"Course":[],"Dataset":[],"FAQPage":[],"Movie":[],"Person":[],"Product":[],"ProductReview":[],"Car":[],"Recipe":[],"Service":[],"SoftwareApplication":[],"WebPage":[]},"graphName":"","isEnabled":true},"graphs":[]},"schema_type":"default","schema_type_options":null,"pillar_content":false,"robots_default":true,"robots_noindex":false,"robots_noarchive":false,"robots_nosnippet":false,"robots_nofollow":false,"robots_noimageindex":false,"robots_noodp":false,"robots_notranslate":false,"robots_max_snippet":null,"robots_max_videopreview":null,"robots_max_imagepreview":"large","priority":null,"frequency":null,"local_seo":null,"seo_analyzer_scan_date":"2026-05-18 07:13:45","breadcrumb_settings":null,"limit_modified_date":false,"open_ai":null,"ai":null,"created":"2025-11-03 08:45:35","updated":"2026-08-21 12:45:59","focus_keyword":null,"additional_keywords":null,"truseo_locale":null},"aioseo_breadcrumb":"<div class=\"aioseo-breadcrumbs\"><span class=\"aioseo-breadcrumb\">\n\t<a href=\"https:\/\/www.nplaw.ch\/sr\/\" title=\"Home\">Home<\/a>\n<\/span><span class=\"aioseo-breadcrumb-separator\">\u00bb<\/span><span class=\"aioseo-breadcrumb\">\n\tGeschichte\n<\/span><\/div>","aioseo_breadcrumb_json":[{"label":"Home","link":"https:\/\/www.nplaw.ch\/sr\/"},{"label":"Geschichte","link":"https:\/\/www.nplaw.ch\/sr\/geschichte\/"}],"_links":{"self":[{"href":"https:\/\/www.nplaw.ch\/sr\/wp-json\/wp\/v2\/pages\/2984","targetHints":{"allow":["GET"]}}],"collection":[{"href":"https:\/\/www.nplaw.ch\/sr\/wp-json\/wp\/v2\/pages"}],"about":[{"href":"https:\/\/www.nplaw.ch\/sr\/wp-json\/wp\/v2\/types\/page"}],"author":[{"embeddable":true,"href":"https:\/\/www.nplaw.ch\/sr\/wp-json\/wp\/v2\/users\/1"}],"replies":[{"embeddable":true,"href":"https:\/\/www.nplaw.ch\/sr\/wp-json\/wp\/v2\/comments?post=2984"}],"version-history":[{"count":67,"href":"https:\/\/www.nplaw.ch\/sr\/wp-json\/wp\/v2\/pages\/2984\/revisions"}],"predecessor-version":[{"id":3240,"href":"https:\/\/www.nplaw.ch\/sr\/wp-json\/wp\/v2\/pages\/2984\/revisions\/3240"}],"wp:attachment":[{"href":"https:\/\/www.nplaw.ch\/sr\/wp-json\/wp\/v2\/media?parent=2984"}],"curies":[{"name":"wp","href":"https:\/\/api.w.org\/{rel}","templated":true}]}}