{"id":1345,"date":"2025-09-16T15:19:24","date_gmt":"2025-09-16T13:19:24","guid":{"rendered":"https:\/\/www.nplaw.ch\/?page_id=1345"},"modified":"2025-10-29T15:31:21","modified_gmt":"2025-10-29T14:31:21","slug":"aktuell","status":"publish","type":"page","link":"https:\/\/www.nplaw.ch\/sr\/aktuell\/","title":{"rendered":"Aktuell"},"content":{"rendered":"\t\t<div data-elementor-type=\"wp-page\" data-elementor-id=\"1345\" class=\"elementor elementor-1345\" data-elementor-post-type=\"page\">\n\t\t\t\t<div class=\"elementor-element elementor-element-2c2185b nvp-hero-element e-con-full e-flex e-con e-parent\" data-id=\"2c2185b\" data-element_type=\"container\">\n\t\t<div class=\"elementor-element elementor-element-4b238ec e-flex e-con-boxed e-con e-child\" data-id=\"4b238ec\" data-element_type=\"container\">\n\t\t\t\t\t<div class=\"e-con-inner\">\n\t\t\t\t<div class=\"elementor-element elementor-element-d8c0e77 elementor-widget elementor-widget-heading\" data-id=\"d8c0e77\" data-element_type=\"widget\" data-reveal=\"load\" data-split=\"lines\" data-widget_type=\"heading.default\">\n\t\t\t\t\t<h1 class=\"elementor-heading-title elementor-size-default\">Aktuelles<\/h1>\t\t\t\t<\/div>\n\t\t\t\t<div class=\"elementor-element elementor-element-eba44cf elementor-widget elementor-widget-text-editor\" data-id=\"eba44cf\" data-element_type=\"widget\" data-load-items=\"fade-default\" data-widget_type=\"text-editor.default\">\n\t\t\t\t\t\t\t\t\tRecht, Wirtschaft, Entwicklungen. Aktuelle Beitr\u00e4ge und Mitteilungen von Neupert Vuille Partners \u2013 Z\u00fcrich.\t\t\t\t\t\t\t\t<\/div>\n\t\t\t\t\t<\/div>\n\t\t\t\t<\/div>\n\t\t\t\t<\/div>\n\t\t<div class=\"elementor-element elementor-element-cc757c7 e-flex e-con-boxed e-con e-parent\" data-id=\"cc757c7\" data-element_type=\"container\">\n\t\t\t\t\t<div class=\"e-con-inner\">\n\t\t<div class=\"elementor-element elementor-element-7e2e990 e-con-full e-flex e-con e-child\" data-id=\"7e2e990\" data-element_type=\"container\">\n\t\t\t\t<div class=\"elementor-element elementor-element-f57977f elementor-grid-3 elementor-grid-tablet-2 elementor-grid-mobile-1 elementor-widget elementor-widget-loop-grid\" data-id=\"f57977f\" data-element_type=\"widget\" data-settings=\"{&quot;template_id&quot;:1326,&quot;row_gap_tablet&quot;:{&quot;unit&quot;:&quot;rem&quot;,&quot;size&quot;:1,&quot;sizes&quot;:[]},&quot;row_gap_mobile&quot;:{&quot;unit&quot;:&quot;custom&quot;,&quot;size&quot;:&quot;1.5rem&quot;,&quot;sizes&quot;:[]},&quot;columns&quot;:3,&quot;pagination_type&quot;:&quot;numbers&quot;,&quot;_skin&quot;:&quot;post&quot;,&quot;columns_tablet&quot;:&quot;2&quot;,&quot;columns_mobile&quot;:&quot;1&quot;,&quot;edit_handle_selector&quot;:&quot;[data-elementor-type=\\&quot;loop-item\\&quot;]&quot;,&quot;pagination_load_type&quot;:&quot;page_reload&quot;,&quot;row_gap&quot;:{&quot;unit&quot;:&quot;px&quot;,&quot;size&quot;:&quot;&quot;,&quot;sizes&quot;:[]}}\" data-reveal-items=\"loop-grid\" data-widget_type=\"loop-grid.post\">\n\t\t\t\t<div class=\"elementor-widget-container\">\n\t\t\t\t\t\t\t<div class=\"elementor-loop-container elementor-grid\" role=\"list\">\n\t\t<style id=\"loop-1326\">.elementor-1326 .elementor-element.elementor-element-a00809b{--display:flex;--gap:0rem 0rem;--row-gap:0rem;--column-gap:0rem;}.elementor-widget-heading .elementor-heading-title{font-family:var( --e-global-typography-primary-font-family ), Sans-serif;font-weight:var( --e-global-typography-primary-font-weight );color:var( --e-global-color-primary );}.elementor-1326 .elementor-element.elementor-element-1d7bbbb{margin:0rem 0rem calc(var(--kit-widget-spacing, 0px) + 1rem) 0rem;}.elementor-1326 .elementor-element.elementor-element-1d7bbbb .elementor-heading-title{font-family:\"Inter\", Sans-serif;font-size:1rem;font-weight:800;color:var( --e-global-color-text );}.elementor-widget-text-editor{font-family:var( --e-global-typography-text-font-family ), Sans-serif;font-weight:var( --e-global-typography-text-font-weight );color:var( --e-global-color-text );}.elementor-widget-text-editor.elementor-drop-cap-view-stacked .elementor-drop-cap{background-color:var( --e-global-color-primary );}.elementor-widget-text-editor.elementor-drop-cap-view-framed .elementor-drop-cap, .elementor-widget-text-editor.elementor-drop-cap-view-default .elementor-drop-cap{color:var( --e-global-color-primary );border-color:var( --e-global-color-primary );}.elementor-1326 .elementor-element.elementor-element-806526f{font-family:\"Inter\", Sans-serif;font-weight:300;}@media(max-width:767px){.elementor-1326 .elementor-element.elementor-element-4301c87{margin:0rem 0rem calc(var(--kit-widget-spacing, 0px) + 1rem) 0rem;}}\/* Start custom CSS for text-editor, class: .elementor-element-806526f *\/.elementor-1326 .elementor-element.elementor-element-806526f a {\n        color: var(--e-global-color-text);\n    text-decoration: underline;\n    text-decoration-thickness: 1px;\n    text-underline-offset: 4px;\n    -webkit-text-decoration-color: #34383C;\n    -webkit-text-decoration-color: #34383C;\n    text-decoration-color: #34383C;\n}\n.elementor-1326 .elementor-element.elementor-element-806526f a:hover {\n    text-decoration: none;\n}\/* End custom CSS *\/\n\/* Start custom CSS for shortcode, class: .elementor-element-4301c87 *\/.elementor-1326 .elementor-element.elementor-element-4301c87 a {\n        color: var(--e-global-color-text);\n    text-decoration: underline;\n    text-decoration-thickness: 1px;\n    text-underline-offset: 4px;\n    -webkit-text-decoration-color: #34383C;\n    -webkit-text-decoration-color: #34383C;\n    text-decoration-color: #34383C;\n}\n.elementor-1326 .elementor-element.elementor-element-4301c87 a:hover {\n    text-decoration: none;\n}\/* End custom CSS *\/<\/style>\t\t<div data-elementor-type=\"loop-item\" data-elementor-id=\"1326\" class=\"elementor elementor-1326 e-loop-item e-loop-item-3643 post-3643 news type-news status-publish hentry\" data-elementor-post-type=\"elementor_library\" data-custom-edit-handle=\"1\">\n\t\t\t<div class=\"elementor-element elementor-element-a00809b e-con-full e-flex e-con e-child\" data-id=\"a00809b\" data-element_type=\"container\">\n\t\t\t\t<div class=\"elementor-element elementor-element-1d7bbbb elementor-widget elementor-widget-heading\" data-id=\"1d7bbbb\" data-element_type=\"widget\" data-widget_type=\"heading.default\">\n\t\t\t\t\t<h4 class=\"elementor-heading-title elementor-size-default\">Januar 2026<\/h4>\t\t\t\t<\/div>\n\t\t\t\t<div class=\"elementor-element elementor-element-806526f elementor-widget elementor-widget-text-editor\" data-id=\"806526f\" data-element_type=\"widget\" data-widget_type=\"text-editor.default\">\n\t\t\t\t\t\t\t\t\t<p>Dr. Andr\u00e9 Terlinden unterst\u00fctzt die K\u00e4ufer in einer M&amp;A Transaktion beim Erwerb einer Immobilienverwaltung.<\/p>\n\t\t\t\t\t\t\t\t<\/div>\n\t\t\t\t<div class=\"elementor-element elementor-element-4301c87 elementor-widget elementor-widget-shortcode\" data-id=\"4301c87\" data-element_type=\"widget\" data-widget_type=\"shortcode.default\">\n\t\t\t\t\t\t\t<div class=\"elementor-shortcode\"><\/div>\n\t\t\t\t\t\t<\/div>\n\t\t\t\t<\/div>\n\t\t\t\t<\/div>\n\t\t\t\t<div data-elementor-type=\"loop-item\" data-elementor-id=\"1326\" class=\"elementor elementor-1326 e-loop-item e-loop-item-3642 post-3642 news type-news status-publish hentry\" data-elementor-post-type=\"elementor_library\" data-custom-edit-handle=\"1\">\n\t\t\t<div class=\"elementor-element elementor-element-a00809b e-con-full e-flex e-con e-child\" data-id=\"a00809b\" data-element_type=\"container\">\n\t\t\t\t<div class=\"elementor-element elementor-element-1d7bbbb elementor-widget elementor-widget-heading\" data-id=\"1d7bbbb\" data-element_type=\"widget\" data-widget_type=\"heading.default\">\n\t\t\t\t\t<h4 class=\"elementor-heading-title elementor-size-default\">November 2025<\/h4>\t\t\t\t<\/div>\n\t\t\t\t<div class=\"elementor-element elementor-element-806526f elementor-widget elementor-widget-text-editor\" data-id=\"806526f\" data-element_type=\"widget\" data-widget_type=\"text-editor.default\">\n\t\t\t\t\t\t\t\t\t<p>Dr. Andr\u00e9 Terlinden ber\u00e4t eine Private-Equity Gesellschaft bei der Finanzierung und Strukturierung eines Carve-outs im Med-Tech Bereich.<\/p>\n\t\t\t\t\t\t\t\t<\/div>\n\t\t\t\t<div class=\"elementor-element elementor-element-4301c87 elementor-widget elementor-widget-shortcode\" data-id=\"4301c87\" data-element_type=\"widget\" data-widget_type=\"shortcode.default\">\n\t\t\t\t\t\t\t<div class=\"elementor-shortcode\"><\/div>\n\t\t\t\t\t\t<\/div>\n\t\t\t\t<\/div>\n\t\t\t\t<\/div>\n\t\t\t\t<div data-elementor-type=\"loop-item\" data-elementor-id=\"1326\" class=\"elementor elementor-1326 e-loop-item e-loop-item-3641 post-3641 news type-news status-publish hentry\" data-elementor-post-type=\"elementor_library\" data-custom-edit-handle=\"1\">\n\t\t\t<div class=\"elementor-element elementor-element-a00809b e-con-full e-flex e-con e-child\" data-id=\"a00809b\" data-element_type=\"container\">\n\t\t\t\t<div class=\"elementor-element elementor-element-1d7bbbb elementor-widget elementor-widget-heading\" data-id=\"1d7bbbb\" data-element_type=\"widget\" data-widget_type=\"heading.default\">\n\t\t\t\t\t<h4 class=\"elementor-heading-title elementor-size-default\">November 2025<\/h4>\t\t\t\t<\/div>\n\t\t\t\t<div class=\"elementor-element elementor-element-806526f elementor-widget elementor-widget-text-editor\" data-id=\"806526f\" data-element_type=\"widget\" data-widget_type=\"text-editor.default\">\n\t\t\t\t\t\t\t\t\t<p>Dr. Andr\u00e9 Terlinden verantwortet die Rechtsberatung f\u00fcr die Finanzierung einer Private-Equity Transaktion beim Erwerb der Mehrheitsbeteiligung einer Schweizer Firmengruppe.<\/p>\n\t\t\t\t\t\t\t\t<\/div>\n\t\t\t\t<div class=\"elementor-element elementor-element-4301c87 elementor-widget elementor-widget-shortcode\" data-id=\"4301c87\" data-element_type=\"widget\" data-widget_type=\"shortcode.default\">\n\t\t\t\t\t\t\t<div class=\"elementor-shortcode\"><\/div>\n\t\t\t\t\t\t<\/div>\n\t\t\t\t<\/div>\n\t\t\t\t<\/div>\n\t\t\t\t<div data-elementor-type=\"loop-item\" data-elementor-id=\"1326\" class=\"elementor elementor-1326 e-loop-item e-loop-item-3640 post-3640 news type-news status-publish hentry\" data-elementor-post-type=\"elementor_library\" data-custom-edit-handle=\"1\">\n\t\t\t<div class=\"elementor-element elementor-element-a00809b e-con-full e-flex e-con e-child\" data-id=\"a00809b\" data-element_type=\"container\">\n\t\t\t\t<div class=\"elementor-element elementor-element-1d7bbbb elementor-widget elementor-widget-heading\" data-id=\"1d7bbbb\" data-element_type=\"widget\" data-widget_type=\"heading.default\">\n\t\t\t\t\t<h4 class=\"elementor-heading-title elementor-size-default\">August 2025<\/h4>\t\t\t\t<\/div>\n\t\t\t\t<div class=\"elementor-element elementor-element-806526f elementor-widget elementor-widget-text-editor\" data-id=\"806526f\" data-element_type=\"widget\" data-widget_type=\"text-editor.default\">\n\t\t\t\t\t\t\t\t\t<p>Dr. Andr\u00e9 Terlinden wird als Escrow Agent beim Verkauf einer Aktiengesellschaft und bei der Abwicklung einer Rohstofftransaktion mandatiert.<\/p>\n\t\t\t\t\t\t\t\t<\/div>\n\t\t\t\t<div class=\"elementor-element elementor-element-4301c87 elementor-widget elementor-widget-shortcode\" data-id=\"4301c87\" data-element_type=\"widget\" data-widget_type=\"shortcode.default\">\n\t\t\t\t\t\t\t<div class=\"elementor-shortcode\"><\/div>\n\t\t\t\t\t\t<\/div>\n\t\t\t\t<\/div>\n\t\t\t\t<\/div>\n\t\t\t\t<div data-elementor-type=\"loop-item\" data-elementor-id=\"1326\" class=\"elementor elementor-1326 e-loop-item e-loop-item-3639 post-3639 news type-news status-publish hentry\" data-elementor-post-type=\"elementor_library\" data-custom-edit-handle=\"1\">\n\t\t\t<div class=\"elementor-element elementor-element-a00809b e-con-full e-flex e-con e-child\" data-id=\"a00809b\" data-element_type=\"container\">\n\t\t\t\t<div class=\"elementor-element elementor-element-1d7bbbb elementor-widget elementor-widget-heading\" data-id=\"1d7bbbb\" data-element_type=\"widget\" data-widget_type=\"heading.default\">\n\t\t\t\t\t<h4 class=\"elementor-heading-title elementor-size-default\">10. Juli 2025<\/h4>\t\t\t\t<\/div>\n\t\t\t\t<div class=\"elementor-element elementor-element-806526f elementor-widget elementor-widget-text-editor\" data-id=\"806526f\" data-element_type=\"widget\" data-widget_type=\"text-editor.default\">\n\t\t\t\t\t\t\t\t\t<p>RA Natalija Jovanovic vertritt vor Gericht erfolgreich die Interessen eines Arbeitgebers gegen den Vorwurf einer missbr\u00e4uchlichen K\u00fcndigung.<\/p>\n\t\t\t\t\t\t\t\t<\/div>\n\t\t\t\t<div class=\"elementor-element elementor-element-4301c87 elementor-widget elementor-widget-shortcode\" data-id=\"4301c87\" data-element_type=\"widget\" data-widget_type=\"shortcode.default\">\n\t\t\t\t\t\t\t<div class=\"elementor-shortcode\"><\/div>\n\t\t\t\t\t\t<\/div>\n\t\t\t\t<\/div>\n\t\t\t\t<\/div>\n\t\t\t\t<div data-elementor-type=\"loop-item\" data-elementor-id=\"1326\" class=\"elementor elementor-1326 e-loop-item e-loop-item-3638 post-3638 news type-news status-publish hentry\" data-elementor-post-type=\"elementor_library\" data-custom-edit-handle=\"1\">\n\t\t\t<div class=\"elementor-element elementor-element-a00809b e-con-full e-flex e-con e-child\" data-id=\"a00809b\" data-element_type=\"container\">\n\t\t\t\t<div class=\"elementor-element elementor-element-1d7bbbb elementor-widget elementor-widget-heading\" data-id=\"1d7bbbb\" data-element_type=\"widget\" data-widget_type=\"heading.default\">\n\t\t\t\t\t<h4 class=\"elementor-heading-title elementor-size-default\">01. M\u00e4rz 2025<\/h4>\t\t\t\t<\/div>\n\t\t\t\t<div class=\"elementor-element elementor-element-806526f elementor-widget elementor-widget-text-editor\" data-id=\"806526f\" data-element_type=\"widget\" data-widget_type=\"text-editor.default\">\n\t\t\t\t\t\t\t\t\t<p>RA Natalija Jovanovic legt erfolgreich die Z\u00fcrcher Anwaltspr\u00fcfung ab und unterst\u00fctzt NVP als Associate im Bereich Wirtschaftsrecht und Prozessf\u00fchrung.<\/p>\n\t\t\t\t\t\t\t\t<\/div>\n\t\t\t\t<div class=\"elementor-element elementor-element-4301c87 elementor-widget elementor-widget-shortcode\" data-id=\"4301c87\" data-element_type=\"widget\" data-widget_type=\"shortcode.default\">\n\t\t\t\t\t\t\t<div class=\"elementor-shortcode\"><\/div>\n\t\t\t\t\t\t<\/div>\n\t\t\t\t<\/div>\n\t\t\t\t<\/div>\n\t\t\t\t<div data-elementor-type=\"loop-item\" data-elementor-id=\"1326\" class=\"elementor elementor-1326 e-loop-item e-loop-item-3637 post-3637 news type-news status-publish hentry\" data-elementor-post-type=\"elementor_library\" data-custom-edit-handle=\"1\">\n\t\t\t<div class=\"elementor-element elementor-element-a00809b e-con-full e-flex e-con e-child\" data-id=\"a00809b\" data-element_type=\"container\">\n\t\t\t\t<div class=\"elementor-element elementor-element-1d7bbbb elementor-widget elementor-widget-heading\" data-id=\"1d7bbbb\" data-element_type=\"widget\" data-widget_type=\"heading.default\">\n\t\t\t\t\t<h4 class=\"elementor-heading-title elementor-size-default\">30. September 2024<\/h4>\t\t\t\t<\/div>\n\t\t\t\t<div class=\"elementor-element elementor-element-806526f elementor-widget elementor-widget-text-editor\" data-id=\"806526f\" data-element_type=\"widget\" data-widget_type=\"text-editor.default\">\n\t\t\t\t\t\t\t\t\t<p>Dr. Timo Fenner ber\u00e4t und vertritt seine Klientschaft in einem Ehescheidungsverfahren.<\/p>\n\t\t\t\t\t\t\t\t<\/div>\n\t\t\t\t<div class=\"elementor-element elementor-element-4301c87 elementor-widget elementor-widget-shortcode\" data-id=\"4301c87\" data-element_type=\"widget\" data-widget_type=\"shortcode.default\">\n\t\t\t\t\t\t\t<div class=\"elementor-shortcode\"><\/div>\n\t\t\t\t\t\t<\/div>\n\t\t\t\t<\/div>\n\t\t\t\t<\/div>\n\t\t\t\t<div data-elementor-type=\"loop-item\" data-elementor-id=\"1326\" class=\"elementor elementor-1326 e-loop-item e-loop-item-3636 post-3636 news type-news status-publish hentry\" data-elementor-post-type=\"elementor_library\" data-custom-edit-handle=\"1\">\n\t\t\t<div class=\"elementor-element elementor-element-a00809b e-con-full e-flex e-con e-child\" data-id=\"a00809b\" data-element_type=\"container\">\n\t\t\t\t<div class=\"elementor-element elementor-element-1d7bbbb elementor-widget elementor-widget-heading\" data-id=\"1d7bbbb\" data-element_type=\"widget\" data-widget_type=\"heading.default\">\n\t\t\t\t\t<h4 class=\"elementor-heading-title elementor-size-default\">20. September 2023<\/h4>\t\t\t\t<\/div>\n\t\t\t\t<div class=\"elementor-element elementor-element-806526f elementor-widget elementor-widget-text-editor\" data-id=\"806526f\" data-element_type=\"widget\" data-widget_type=\"text-editor.default\">\n\t\t\t\t\t\t\t\t\t<p>Natalija Jovanovic vertritt auf Grundlage der Venia erfolgreich unseren Klienten in einem Verfahren vor dem Kantonsgericht Zug in Zusammenhang mit Forderungen aus einem Verwaltungsratsmandat.<\/p>\n\t\t\t\t\t\t\t\t<\/div>\n\t\t\t\t<div class=\"elementor-element elementor-element-4301c87 elementor-widget elementor-widget-shortcode\" data-id=\"4301c87\" data-element_type=\"widget\" data-widget_type=\"shortcode.default\">\n\t\t\t\t\t\t\t<div class=\"elementor-shortcode\"><\/div>\n\t\t\t\t\t\t<\/div>\n\t\t\t\t<\/div>\n\t\t\t\t<\/div>\n\t\t\t\t<div data-elementor-type=\"loop-item\" data-elementor-id=\"1326\" class=\"elementor elementor-1326 e-loop-item e-loop-item-3635 post-3635 news type-news status-publish hentry\" data-elementor-post-type=\"elementor_library\" data-custom-edit-handle=\"1\">\n\t\t\t<div class=\"elementor-element elementor-element-a00809b e-con-full e-flex e-con e-child\" data-id=\"a00809b\" data-element_type=\"container\">\n\t\t\t\t<div class=\"elementor-element elementor-element-1d7bbbb elementor-widget elementor-widget-heading\" data-id=\"1d7bbbb\" data-element_type=\"widget\" data-widget_type=\"heading.default\">\n\t\t\t\t\t<h4 class=\"elementor-heading-title elementor-size-default\">01. Juli 2022<\/h4>\t\t\t\t<\/div>\n\t\t\t\t<div class=\"elementor-element elementor-element-806526f elementor-widget elementor-widget-text-editor\" data-id=\"806526f\" data-element_type=\"widget\" data-widget_type=\"text-editor.default\">\n\t\t\t\t\t\t\t\t\t<p>Natalija Jovanovic tritt ihr Substitutenjahr bei NVP an.<\/p>\n\t\t\t\t\t\t\t\t<\/div>\n\t\t\t\t<div class=\"elementor-element elementor-element-4301c87 elementor-widget elementor-widget-shortcode\" data-id=\"4301c87\" data-element_type=\"widget\" data-widget_type=\"shortcode.default\">\n\t\t\t\t\t\t\t<div class=\"elementor-shortcode\"><\/div>\n\t\t\t\t\t\t<\/div>\n\t\t\t\t<\/div>\n\t\t\t\t<\/div>\n\t\t\t\t<div data-elementor-type=\"loop-item\" data-elementor-id=\"1326\" class=\"elementor elementor-1326 e-loop-item e-loop-item-3150 post-3150 news type-news status-publish hentry\" data-elementor-post-type=\"elementor_library\" data-custom-edit-handle=\"1\">\n\t\t\t<div class=\"elementor-element elementor-element-a00809b e-con-full e-flex e-con e-child\" data-id=\"a00809b\" data-element_type=\"container\">\n\t\t\t\t<div class=\"elementor-element elementor-element-1d7bbbb elementor-widget elementor-widget-heading\" data-id=\"1d7bbbb\" data-element_type=\"widget\" data-widget_type=\"heading.default\">\n\t\t\t\t\t<h4 class=\"elementor-heading-title elementor-size-default\">14. September 2021<\/h4>\t\t\t\t<\/div>\n\t\t\t\t<div class=\"elementor-element elementor-element-806526f elementor-widget elementor-widget-text-editor\" data-id=\"806526f\" data-element_type=\"widget\" data-widget_type=\"text-editor.default\">\n\t\t\t\t\t\t\t\t\t<p>Dr. Andr\u00e9 Terlinden unterst\u00fctzt als Escrow Agent die Vertragsparteien bei der Abwicklung des Verkaufs einer Aktiengesellschaft.<\/p>\n\t\t\t\t\t\t\t\t<\/div>\n\t\t\t\t<div class=\"elementor-element elementor-element-4301c87 elementor-widget elementor-widget-shortcode\" data-id=\"4301c87\" data-element_type=\"widget\" data-widget_type=\"shortcode.default\">\n\t\t\t\t\t\t\t<div class=\"elementor-shortcode\"><\/div>\n\t\t\t\t\t\t<\/div>\n\t\t\t\t<\/div>\n\t\t\t\t<\/div>\n\t\t\t\t<div data-elementor-type=\"loop-item\" data-elementor-id=\"1326\" class=\"elementor elementor-1326 e-loop-item e-loop-item-3149 post-3149 news type-news status-publish hentry\" data-elementor-post-type=\"elementor_library\" data-custom-edit-handle=\"1\">\n\t\t\t<div class=\"elementor-element elementor-element-a00809b e-con-full e-flex e-con e-child\" data-id=\"a00809b\" data-element_type=\"container\">\n\t\t\t\t<div class=\"elementor-element elementor-element-1d7bbbb elementor-widget elementor-widget-heading\" data-id=\"1d7bbbb\" data-element_type=\"widget\" data-widget_type=\"heading.default\">\n\t\t\t\t\t<h4 class=\"elementor-heading-title elementor-size-default\">12. August 2021<\/h4>\t\t\t\t<\/div>\n\t\t\t\t<div class=\"elementor-element elementor-element-806526f elementor-widget elementor-widget-text-editor\" data-id=\"806526f\" data-element_type=\"widget\" data-widget_type=\"text-editor.default\">\n\t\t\t\t\t\t\t\t\t<p>Dr. Timo Fenner wird in den Stiftungsrat der Benyamin G\u00f6rgin-Stiftung gew\u00e4hlt. Die Stiftung bezweckt unter anderem die finanzielle und materielle Hilfe f\u00fcr Witwen und Waisen sowie die Beteiligung an den Kosten f\u00fcr In- und Auslandstudien, Praktika und Projekte. <\/p>\n\t\t\t\t\t\t\t\t<\/div>\n\t\t\t\t<div class=\"elementor-element elementor-element-4301c87 elementor-widget elementor-widget-shortcode\" data-id=\"4301c87\" data-element_type=\"widget\" data-widget_type=\"shortcode.default\">\n\t\t\t\t\t\t\t<div class=\"elementor-shortcode\"><\/div>\n\t\t\t\t\t\t<\/div>\n\t\t\t\t<\/div>\n\t\t\t\t<\/div>\n\t\t\t\t<div data-elementor-type=\"loop-item\" data-elementor-id=\"1326\" class=\"elementor elementor-1326 e-loop-item e-loop-item-3148 post-3148 news type-news status-publish hentry\" data-elementor-post-type=\"elementor_library\" data-custom-edit-handle=\"1\">\n\t\t\t<div class=\"elementor-element elementor-element-a00809b e-con-full e-flex e-con e-child\" data-id=\"a00809b\" data-element_type=\"container\">\n\t\t\t\t<div class=\"elementor-element elementor-element-1d7bbbb elementor-widget elementor-widget-heading\" data-id=\"1d7bbbb\" data-element_type=\"widget\" data-widget_type=\"heading.default\">\n\t\t\t\t\t<h4 class=\"elementor-heading-title elementor-size-default\">11. August 2021<\/h4>\t\t\t\t<\/div>\n\t\t\t\t<div class=\"elementor-element elementor-element-806526f elementor-widget elementor-widget-text-editor\" data-id=\"806526f\" data-element_type=\"widget\" data-widget_type=\"text-editor.default\">\n\t\t\t\t\t\t\t\t\t<p>Dr. Andr\u00e9 Terlinden unterst\u00fctzt ein schweizerisches Start-up-Unternehmen bei einer Wachstumsfinanzierung im Rahmen von verschiedenen Kapitalerh\u00f6hungen, einschliesslich der Erstellung der Aktion\u00e4rbindungsvertr\u00e4ge sowie der Investitionsdokumente.<\/p>\n\t\t\t\t\t\t\t\t<\/div>\n\t\t\t\t<div class=\"elementor-element elementor-element-4301c87 elementor-widget elementor-widget-shortcode\" data-id=\"4301c87\" data-element_type=\"widget\" data-widget_type=\"shortcode.default\">\n\t\t\t\t\t\t\t<div class=\"elementor-shortcode\"><\/div>\n\t\t\t\t\t\t<\/div>\n\t\t\t\t<\/div>\n\t\t\t\t<\/div>\n\t\t\t\t<div data-elementor-type=\"loop-item\" data-elementor-id=\"1326\" class=\"elementor elementor-1326 e-loop-item e-loop-item-3147 post-3147 news type-news status-publish hentry\" data-elementor-post-type=\"elementor_library\" data-custom-edit-handle=\"1\">\n\t\t\t<div class=\"elementor-element elementor-element-a00809b e-con-full e-flex e-con e-child\" data-id=\"a00809b\" data-element_type=\"container\">\n\t\t\t\t<div class=\"elementor-element elementor-element-1d7bbbb elementor-widget elementor-widget-heading\" data-id=\"1d7bbbb\" data-element_type=\"widget\" data-widget_type=\"heading.default\">\n\t\t\t\t\t<h4 class=\"elementor-heading-title elementor-size-default\">21. Juli 2021<\/h4>\t\t\t\t<\/div>\n\t\t\t\t<div class=\"elementor-element elementor-element-806526f elementor-widget elementor-widget-text-editor\" data-id=\"806526f\" data-element_type=\"widget\" data-widget_type=\"text-editor.default\">\n\t\t\t\t\t\t\t\t\t<p>Dr. Timo Fenner ber\u00e4t und vertritt seine internationale Klientschaft erfolgreich gegen\u00fcber den Beh\u00f6rden bez\u00fcglich verschiedener Fragestellungen zur Einreise in die Schweiz im Zusammenhang mit der Covid-Pandemie aus einem Schengen-Staat.<\/p>\n\t\t\t\t\t\t\t\t<\/div>\n\t\t\t\t<div class=\"elementor-element elementor-element-4301c87 elementor-widget elementor-widget-shortcode\" data-id=\"4301c87\" data-element_type=\"widget\" data-widget_type=\"shortcode.default\">\n\t\t\t\t\t\t\t<div class=\"elementor-shortcode\"><\/div>\n\t\t\t\t\t\t<\/div>\n\t\t\t\t<\/div>\n\t\t\t\t<\/div>\n\t\t\t\t<div data-elementor-type=\"loop-item\" data-elementor-id=\"1326\" class=\"elementor elementor-1326 e-loop-item e-loop-item-3146 post-3146 news type-news status-publish hentry\" data-elementor-post-type=\"elementor_library\" data-custom-edit-handle=\"1\">\n\t\t\t<div class=\"elementor-element elementor-element-a00809b e-con-full e-flex e-con e-child\" data-id=\"a00809b\" data-element_type=\"container\">\n\t\t\t\t<div class=\"elementor-element elementor-element-1d7bbbb elementor-widget elementor-widget-heading\" data-id=\"1d7bbbb\" data-element_type=\"widget\" data-widget_type=\"heading.default\">\n\t\t\t\t\t<h4 class=\"elementor-heading-title elementor-size-default\">20. Juli 2021<\/h4>\t\t\t\t<\/div>\n\t\t\t\t<div class=\"elementor-element elementor-element-806526f elementor-widget elementor-widget-text-editor\" data-id=\"806526f\" data-element_type=\"widget\" data-widget_type=\"text-editor.default\">\n\t\t\t\t\t\t\t\t\t<p>Dr. Timo Fenner ber\u00e4t und vertritt seine internationale Klientschaft erfolgreich gegen\u00fcber den Beh\u00f6rden bez\u00fcglich verschiedener Fragestellungen zur Einreise in die Schweiz im Zusammenhang mit der Covid-Pandemie aus einem Drittstaat.<\/p>\n\t\t\t\t\t\t\t\t<\/div>\n\t\t\t\t<div class=\"elementor-element elementor-element-4301c87 elementor-widget elementor-widget-shortcode\" data-id=\"4301c87\" data-element_type=\"widget\" data-widget_type=\"shortcode.default\">\n\t\t\t\t\t\t\t<div class=\"elementor-shortcode\"><\/div>\n\t\t\t\t\t\t<\/div>\n\t\t\t\t<\/div>\n\t\t\t\t<\/div>\n\t\t\t\t<div data-elementor-type=\"loop-item\" data-elementor-id=\"1326\" class=\"elementor elementor-1326 e-loop-item e-loop-item-3145 post-3145 news type-news status-publish hentry\" data-elementor-post-type=\"elementor_library\" data-custom-edit-handle=\"1\">\n\t\t\t<div class=\"elementor-element elementor-element-a00809b e-con-full e-flex e-con e-child\" data-id=\"a00809b\" data-element_type=\"container\">\n\t\t\t\t<div class=\"elementor-element elementor-element-1d7bbbb elementor-widget elementor-widget-heading\" data-id=\"1d7bbbb\" data-element_type=\"widget\" data-widget_type=\"heading.default\">\n\t\t\t\t\t<h4 class=\"elementor-heading-title elementor-size-default\">9. Juli 2021<\/h4>\t\t\t\t<\/div>\n\t\t\t\t<div class=\"elementor-element elementor-element-806526f elementor-widget elementor-widget-text-editor\" data-id=\"806526f\" data-element_type=\"widget\" data-widget_type=\"text-editor.default\">\n\t\t\t\t\t\t\t\t\t<p>Dr. Timo Fenner vertritt erfolgreich die Interessen der Eigent\u00fcmerschaft gegen\u00fcber den Beh\u00f6rden im Rahmen eines Verfahrens zur Aufnahme einer Liegenschaft in ein kantonales Inventar sch\u00fctzenswerter Bauten.<\/p>\n\t\t\t\t\t\t\t\t<\/div>\n\t\t\t\t<div class=\"elementor-element elementor-element-4301c87 elementor-widget elementor-widget-shortcode\" data-id=\"4301c87\" data-element_type=\"widget\" data-widget_type=\"shortcode.default\">\n\t\t\t\t\t\t\t<div class=\"elementor-shortcode\"><\/div>\n\t\t\t\t\t\t<\/div>\n\t\t\t\t<\/div>\n\t\t\t\t<\/div>\n\t\t\t\t<div data-elementor-type=\"loop-item\" data-elementor-id=\"1326\" class=\"elementor elementor-1326 e-loop-item e-loop-item-3144 post-3144 news type-news status-publish hentry\" data-elementor-post-type=\"elementor_library\" data-custom-edit-handle=\"1\">\n\t\t\t<div class=\"elementor-element elementor-element-a00809b e-con-full e-flex e-con e-child\" data-id=\"a00809b\" data-element_type=\"container\">\n\t\t\t\t<div class=\"elementor-element elementor-element-1d7bbbb elementor-widget elementor-widget-heading\" data-id=\"1d7bbbb\" data-element_type=\"widget\" data-widget_type=\"heading.default\">\n\t\t\t\t\t<h4 class=\"elementor-heading-title elementor-size-default\">28. Juni 2021<\/h4>\t\t\t\t<\/div>\n\t\t\t\t<div class=\"elementor-element elementor-element-806526f elementor-widget elementor-widget-text-editor\" data-id=\"806526f\" data-element_type=\"widget\" data-widget_type=\"text-editor.default\">\n\t\t\t\t\t\t\t\t\t<p>Dr. Timo Fenner vertritt erfolgreich eine Unternehmensgruppe bei der Abwehr einer ungerechtfertigten Lohnforderung eines Arbeitnehmers im Rahmen einer Aberkennungsklage.<\/p>\n\t\t\t\t\t\t\t\t<\/div>\n\t\t\t\t<div class=\"elementor-element elementor-element-4301c87 elementor-widget elementor-widget-shortcode\" data-id=\"4301c87\" data-element_type=\"widget\" data-widget_type=\"shortcode.default\">\n\t\t\t\t\t\t\t<div class=\"elementor-shortcode\"><\/div>\n\t\t\t\t\t\t<\/div>\n\t\t\t\t<\/div>\n\t\t\t\t<\/div>\n\t\t\t\t<div data-elementor-type=\"loop-item\" data-elementor-id=\"1326\" class=\"elementor elementor-1326 e-loop-item e-loop-item-3143 post-3143 news type-news status-publish hentry\" data-elementor-post-type=\"elementor_library\" data-custom-edit-handle=\"1\">\n\t\t\t<div class=\"elementor-element elementor-element-a00809b e-con-full e-flex e-con e-child\" data-id=\"a00809b\" data-element_type=\"container\">\n\t\t\t\t<div class=\"elementor-element elementor-element-1d7bbbb elementor-widget elementor-widget-heading\" data-id=\"1d7bbbb\" data-element_type=\"widget\" data-widget_type=\"heading.default\">\n\t\t\t\t\t<h4 class=\"elementor-heading-title elementor-size-default\">18. Juni 2021<\/h4>\t\t\t\t<\/div>\n\t\t\t\t<div class=\"elementor-element elementor-element-806526f elementor-widget elementor-widget-text-editor\" data-id=\"806526f\" data-element_type=\"widget\" data-widget_type=\"text-editor.default\">\n\t\t\t\t\t\t\t\t\t<p>Dr. Timo Fenner ber\u00e4t und vertritt seine Klientschaft bei migrationsrechtlichen Fragestellungen, insbesondere bez\u00fcglich der Erlangung des Schweizer B\u00fcrgerrechts.<\/p>\n\t\t\t\t\t\t\t\t<\/div>\n\t\t\t\t<div class=\"elementor-element elementor-element-4301c87 elementor-widget elementor-widget-shortcode\" data-id=\"4301c87\" data-element_type=\"widget\" data-widget_type=\"shortcode.default\">\n\t\t\t\t\t\t\t<div class=\"elementor-shortcode\"><\/div>\n\t\t\t\t\t\t<\/div>\n\t\t\t\t<\/div>\n\t\t\t\t<\/div>\n\t\t\t\t<div data-elementor-type=\"loop-item\" data-elementor-id=\"1326\" class=\"elementor elementor-1326 e-loop-item e-loop-item-3142 post-3142 news type-news status-publish hentry\" data-elementor-post-type=\"elementor_library\" data-custom-edit-handle=\"1\">\n\t\t\t<div class=\"elementor-element elementor-element-a00809b e-con-full e-flex e-con e-child\" data-id=\"a00809b\" data-element_type=\"container\">\n\t\t\t\t<div class=\"elementor-element elementor-element-1d7bbbb elementor-widget elementor-widget-heading\" data-id=\"1d7bbbb\" data-element_type=\"widget\" data-widget_type=\"heading.default\">\n\t\t\t\t\t<h4 class=\"elementor-heading-title elementor-size-default\">15. Juni 2021<\/h4>\t\t\t\t<\/div>\n\t\t\t\t<div class=\"elementor-element elementor-element-806526f elementor-widget elementor-widget-text-editor\" data-id=\"806526f\" data-element_type=\"widget\" data-widget_type=\"text-editor.default\">\n\t\t\t\t\t\t\t\t\t<p>Dr. Timo Fenner ber\u00e4t und vertritt seine Klientschaft im Rahmen der Abwehr der Vollstreckung einer Geldforderung (Rechts\u00f6ffnung).<\/p>\n\t\t\t\t\t\t\t\t<\/div>\n\t\t\t\t<div class=\"elementor-element elementor-element-4301c87 elementor-widget elementor-widget-shortcode\" data-id=\"4301c87\" data-element_type=\"widget\" data-widget_type=\"shortcode.default\">\n\t\t\t\t\t\t\t<div class=\"elementor-shortcode\"><\/div>\n\t\t\t\t\t\t<\/div>\n\t\t\t\t<\/div>\n\t\t\t\t<\/div>\n\t\t\t\t<div data-elementor-type=\"loop-item\" data-elementor-id=\"1326\" class=\"elementor elementor-1326 e-loop-item e-loop-item-3141 post-3141 news type-news status-publish hentry\" data-elementor-post-type=\"elementor_library\" data-custom-edit-handle=\"1\">\n\t\t\t<div class=\"elementor-element elementor-element-a00809b e-con-full e-flex e-con e-child\" data-id=\"a00809b\" data-element_type=\"container\">\n\t\t\t\t<div class=\"elementor-element elementor-element-1d7bbbb elementor-widget elementor-widget-heading\" data-id=\"1d7bbbb\" data-element_type=\"widget\" data-widget_type=\"heading.default\">\n\t\t\t\t\t<h4 class=\"elementor-heading-title elementor-size-default\">11. Juni 2021<\/h4>\t\t\t\t<\/div>\n\t\t\t\t<div class=\"elementor-element elementor-element-806526f elementor-widget elementor-widget-text-editor\" data-id=\"806526f\" data-element_type=\"widget\" data-widget_type=\"text-editor.default\">\n\t\t\t\t\t\t\t\t\t<p>Dr. Timo Fenner unterst\u00fctzt seine Klientschaft bei der R\u00fcckabwicklung eines Kaufvertrags im Rahmen einer Online-Auktion bez\u00fcglich gef\u00e4lschter Kunstwerke.<\/p>\n\t\t\t\t\t\t\t\t<\/div>\n\t\t\t\t<div class=\"elementor-element elementor-element-4301c87 elementor-widget elementor-widget-shortcode\" data-id=\"4301c87\" data-element_type=\"widget\" data-widget_type=\"shortcode.default\">\n\t\t\t\t\t\t\t<div class=\"elementor-shortcode\"><\/div>\n\t\t\t\t\t\t<\/div>\n\t\t\t\t<\/div>\n\t\t\t\t<\/div>\n\t\t\t\t<div data-elementor-type=\"loop-item\" data-elementor-id=\"1326\" class=\"elementor elementor-1326 e-loop-item e-loop-item-3140 post-3140 news type-news status-publish hentry\" data-elementor-post-type=\"elementor_library\" data-custom-edit-handle=\"1\">\n\t\t\t<div class=\"elementor-element elementor-element-a00809b e-con-full e-flex e-con e-child\" data-id=\"a00809b\" data-element_type=\"container\">\n\t\t\t\t<div class=\"elementor-element elementor-element-1d7bbbb elementor-widget elementor-widget-heading\" data-id=\"1d7bbbb\" data-element_type=\"widget\" data-widget_type=\"heading.default\">\n\t\t\t\t\t<h4 class=\"elementor-heading-title elementor-size-default\">7. Juni 2021<\/h4>\t\t\t\t<\/div>\n\t\t\t\t<div class=\"elementor-element elementor-element-806526f elementor-widget elementor-widget-text-editor\" data-id=\"806526f\" data-element_type=\"widget\" data-widget_type=\"text-editor.default\">\n\t\t\t\t\t\t\t\t\t<p>Who&#8217;s Who Legal Schweiz 2021 w\u00e4hlt Dr. Dieter Neupert als f\u00fchrenden Experten im Fachbereich Transportrecht, insbesondere im Bereich von finanziellen, regulatorischen und streitigen Schiffahrts- und Luftfahrtsangelegenheiten.<\/p>\n\t\t\t\t\t\t\t\t<\/div>\n\t\t\t\t<div class=\"elementor-element elementor-element-4301c87 elementor-widget elementor-widget-shortcode\" data-id=\"4301c87\" data-element_type=\"widget\" data-widget_type=\"shortcode.default\">\n\t\t\t\t\t\t\t<div class=\"elementor-shortcode\"><\/div>\n\t\t\t\t\t\t<\/div>\n\t\t\t\t<\/div>\n\t\t\t\t<\/div>\n\t\t\t\t<div data-elementor-type=\"loop-item\" data-elementor-id=\"1326\" class=\"elementor elementor-1326 e-loop-item e-loop-item-3139 post-3139 news type-news status-publish hentry\" data-elementor-post-type=\"elementor_library\" data-custom-edit-handle=\"1\">\n\t\t\t<div class=\"elementor-element elementor-element-a00809b e-con-full e-flex e-con e-child\" data-id=\"a00809b\" data-element_type=\"container\">\n\t\t\t\t<div class=\"elementor-element elementor-element-1d7bbbb elementor-widget elementor-widget-heading\" data-id=\"1d7bbbb\" data-element_type=\"widget\" data-widget_type=\"heading.default\">\n\t\t\t\t\t<h4 class=\"elementor-heading-title elementor-size-default\">7. Juni 2021<\/h4>\t\t\t\t<\/div>\n\t\t\t\t<div class=\"elementor-element elementor-element-806526f elementor-widget elementor-widget-text-editor\" data-id=\"806526f\" data-element_type=\"widget\" data-widget_type=\"text-editor.default\">\n\t\t\t\t\t\t\t\t\t<p>Dr. Timo Fenner ber\u00e4t und vertritt seine Klientschaft bez\u00fcglich deren Anspr\u00fcchen und Forderungen aus einem grossen, internationalen Rohstoffliefervertrag.<\/p>\n\t\t\t\t\t\t\t\t<\/div>\n\t\t\t\t<div class=\"elementor-element elementor-element-4301c87 elementor-widget elementor-widget-shortcode\" data-id=\"4301c87\" data-element_type=\"widget\" data-widget_type=\"shortcode.default\">\n\t\t\t\t\t\t\t<div class=\"elementor-shortcode\"><\/div>\n\t\t\t\t\t\t<\/div>\n\t\t\t\t<\/div>\n\t\t\t\t<\/div>\n\t\t\t\t<div data-elementor-type=\"loop-item\" data-elementor-id=\"1326\" class=\"elementor elementor-1326 e-loop-item e-loop-item-3138 post-3138 news type-news status-publish hentry\" data-elementor-post-type=\"elementor_library\" data-custom-edit-handle=\"1\">\n\t\t\t<div class=\"elementor-element elementor-element-a00809b e-con-full e-flex e-con e-child\" data-id=\"a00809b\" data-element_type=\"container\">\n\t\t\t\t<div class=\"elementor-element elementor-element-1d7bbbb elementor-widget elementor-widget-heading\" data-id=\"1d7bbbb\" data-element_type=\"widget\" data-widget_type=\"heading.default\">\n\t\t\t\t\t<h4 class=\"elementor-heading-title elementor-size-default\">1. Juni 2021<\/h4>\t\t\t\t<\/div>\n\t\t\t\t<div class=\"elementor-element elementor-element-806526f elementor-widget elementor-widget-text-editor\" data-id=\"806526f\" data-element_type=\"widget\" data-widget_type=\"text-editor.default\">\n\t\t\t\t\t\t\t\t\t<p>Dr. Timo Fenner unterst\u00fctzt seine Klientschaft bei Brexit bedingten ausl\u00e4nder- und migrationsrechtlichen Fragestellungen und einer beschleunigten Einreise in die Schweiz und vertritt diese gegen\u00fcber verschiedenen Beh\u00f6rden.<\/p>\n\t\t\t\t\t\t\t\t<\/div>\n\t\t\t\t<div class=\"elementor-element elementor-element-4301c87 elementor-widget elementor-widget-shortcode\" data-id=\"4301c87\" data-element_type=\"widget\" data-widget_type=\"shortcode.default\">\n\t\t\t\t\t\t\t<div class=\"elementor-shortcode\"><\/div>\n\t\t\t\t\t\t<\/div>\n\t\t\t\t<\/div>\n\t\t\t\t<\/div>\n\t\t\t\t<div data-elementor-type=\"loop-item\" data-elementor-id=\"1326\" class=\"elementor elementor-1326 e-loop-item e-loop-item-3137 post-3137 news type-news status-publish hentry\" data-elementor-post-type=\"elementor_library\" data-custom-edit-handle=\"1\">\n\t\t\t<div class=\"elementor-element elementor-element-a00809b e-con-full e-flex e-con e-child\" data-id=\"a00809b\" data-element_type=\"container\">\n\t\t\t\t<div class=\"elementor-element elementor-element-1d7bbbb elementor-widget elementor-widget-heading\" data-id=\"1d7bbbb\" data-element_type=\"widget\" data-widget_type=\"heading.default\">\n\t\t\t\t\t<h4 class=\"elementor-heading-title elementor-size-default\">20. Mai 2021<\/h4>\t\t\t\t<\/div>\n\t\t\t\t<div class=\"elementor-element elementor-element-806526f elementor-widget elementor-widget-text-editor\" data-id=\"806526f\" data-element_type=\"widget\" data-widget_type=\"text-editor.default\">\n\t\t\t\t\t\t\t\t\t<p>Dr. Andr\u00e9 Terlinden unterst\u00fctzt seine Klientschaft als Escrow Agent beim Verkauf einer Aktiengesellschaft an einen ausl\u00e4ndischen Investor.<\/p>\n\t\t\t\t\t\t\t\t<\/div>\n\t\t\t\t<div class=\"elementor-element elementor-element-4301c87 elementor-widget elementor-widget-shortcode\" data-id=\"4301c87\" data-element_type=\"widget\" data-widget_type=\"shortcode.default\">\n\t\t\t\t\t\t\t<div class=\"elementor-shortcode\"><\/div>\n\t\t\t\t\t\t<\/div>\n\t\t\t\t<\/div>\n\t\t\t\t<\/div>\n\t\t\t\t<div data-elementor-type=\"loop-item\" data-elementor-id=\"1326\" class=\"elementor elementor-1326 e-loop-item e-loop-item-3136 post-3136 news type-news status-publish hentry\" data-elementor-post-type=\"elementor_library\" data-custom-edit-handle=\"1\">\n\t\t\t<div class=\"elementor-element elementor-element-a00809b e-con-full e-flex e-con e-child\" data-id=\"a00809b\" data-element_type=\"container\">\n\t\t\t\t<div class=\"elementor-element elementor-element-1d7bbbb elementor-widget elementor-widget-heading\" data-id=\"1d7bbbb\" data-element_type=\"widget\" data-widget_type=\"heading.default\">\n\t\t\t\t\t<h4 class=\"elementor-heading-title elementor-size-default\">19. Mai 2021<\/h4>\t\t\t\t<\/div>\n\t\t\t\t<div class=\"elementor-element elementor-element-806526f elementor-widget elementor-widget-text-editor\" data-id=\"806526f\" data-element_type=\"widget\" data-widget_type=\"text-editor.default\">\n\t\t\t\t\t\t\t\t\t<p>Dr. Timo Fenner ber\u00e4t seine Klientschaft bez\u00fcglich der \u00e4rztlichen Berufsaus\u00fcbungsbewilligung.<\/p>\n\t\t\t\t\t\t\t\t<\/div>\n\t\t\t\t<div class=\"elementor-element elementor-element-4301c87 elementor-widget elementor-widget-shortcode\" data-id=\"4301c87\" data-element_type=\"widget\" data-widget_type=\"shortcode.default\">\n\t\t\t\t\t\t\t<div class=\"elementor-shortcode\"><\/div>\n\t\t\t\t\t\t<\/div>\n\t\t\t\t<\/div>\n\t\t\t\t<\/div>\n\t\t\t\t<div data-elementor-type=\"loop-item\" data-elementor-id=\"1326\" class=\"elementor elementor-1326 e-loop-item e-loop-item-3135 post-3135 news type-news status-publish hentry\" data-elementor-post-type=\"elementor_library\" data-custom-edit-handle=\"1\">\n\t\t\t<div class=\"elementor-element elementor-element-a00809b e-con-full e-flex e-con e-child\" data-id=\"a00809b\" data-element_type=\"container\">\n\t\t\t\t<div class=\"elementor-element elementor-element-1d7bbbb elementor-widget elementor-widget-heading\" data-id=\"1d7bbbb\" data-element_type=\"widget\" data-widget_type=\"heading.default\">\n\t\t\t\t\t<h4 class=\"elementor-heading-title elementor-size-default\">24. April 2021<\/h4>\t\t\t\t<\/div>\n\t\t\t\t<div class=\"elementor-element elementor-element-806526f elementor-widget elementor-widget-text-editor\" data-id=\"806526f\" data-element_type=\"widget\" data-widget_type=\"text-editor.default\">\n\t\t\t\t\t\t\t\t\t<p>Dr. Timo Fenner und Dr. Andr\u00e9 Terlinden unterst\u00fctzten ihre Klientschaft als Escrow Agenten bei einem grenz\u00fcberschreitenden Kauf einer schweizerischen Aktiengesellschaft.<\/p>\n\t\t\t\t\t\t\t\t<\/div>\n\t\t\t\t<div class=\"elementor-element elementor-element-4301c87 elementor-widget elementor-widget-shortcode\" data-id=\"4301c87\" data-element_type=\"widget\" data-widget_type=\"shortcode.default\">\n\t\t\t\t\t\t\t<div class=\"elementor-shortcode\"><\/div>\n\t\t\t\t\t\t<\/div>\n\t\t\t\t<\/div>\n\t\t\t\t<\/div>\n\t\t\t\t<div data-elementor-type=\"loop-item\" data-elementor-id=\"1326\" class=\"elementor elementor-1326 e-loop-item e-loop-item-3134 post-3134 news type-news status-publish hentry\" data-elementor-post-type=\"elementor_library\" data-custom-edit-handle=\"1\">\n\t\t\t<div class=\"elementor-element elementor-element-a00809b e-con-full e-flex e-con e-child\" data-id=\"a00809b\" data-element_type=\"container\">\n\t\t\t\t<div class=\"elementor-element elementor-element-1d7bbbb elementor-widget elementor-widget-heading\" data-id=\"1d7bbbb\" data-element_type=\"widget\" data-widget_type=\"heading.default\">\n\t\t\t\t\t<h4 class=\"elementor-heading-title elementor-size-default\">22. M\u00e4rz 2021<\/h4>\t\t\t\t<\/div>\n\t\t\t\t<div class=\"elementor-element elementor-element-806526f elementor-widget elementor-widget-text-editor\" data-id=\"806526f\" data-element_type=\"widget\" data-widget_type=\"text-editor.default\">\n\t\t\t\t\t\t\t\t\t<p>Dr. Timo Fenner vertritt erfolgreich die Interessen seiner Klientschaft in einer arbeitsrechtlichen Auseinandersetzung.<\/p>\n\t\t\t\t\t\t\t\t<\/div>\n\t\t\t\t<div class=\"elementor-element elementor-element-4301c87 elementor-widget elementor-widget-shortcode\" data-id=\"4301c87\" data-element_type=\"widget\" data-widget_type=\"shortcode.default\">\n\t\t\t\t\t\t\t<div class=\"elementor-shortcode\"><\/div>\n\t\t\t\t\t\t<\/div>\n\t\t\t\t<\/div>\n\t\t\t\t<\/div>\n\t\t\t\t<div data-elementor-type=\"loop-item\" data-elementor-id=\"1326\" class=\"elementor elementor-1326 e-loop-item e-loop-item-3133 post-3133 news type-news status-publish hentry\" data-elementor-post-type=\"elementor_library\" data-custom-edit-handle=\"1\">\n\t\t\t<div class=\"elementor-element elementor-element-a00809b e-con-full e-flex e-con e-child\" data-id=\"a00809b\" data-element_type=\"container\">\n\t\t\t\t<div class=\"elementor-element elementor-element-1d7bbbb elementor-widget elementor-widget-heading\" data-id=\"1d7bbbb\" data-element_type=\"widget\" data-widget_type=\"heading.default\">\n\t\t\t\t\t<h4 class=\"elementor-heading-title elementor-size-default\">11. M\u00e4rz 2021<\/h4>\t\t\t\t<\/div>\n\t\t\t\t<div class=\"elementor-element elementor-element-806526f elementor-widget elementor-widget-text-editor\" data-id=\"806526f\" data-element_type=\"widget\" data-widget_type=\"text-editor.default\">\n\t\t\t\t\t\t\t\t\t<p>Dr. Andr\u00e9 Terlinden und Dr. Timo Fenner vertreten erfolgreich die Interessen ihrer Klientschaft vor dem Handelsgericht Z\u00fcrich, im Rahmen einer Auseinandersetzung bez\u00fcglich Covid-Schutzmasken.<\/p>\n\t\t\t\t\t\t\t\t<\/div>\n\t\t\t\t<div class=\"elementor-element elementor-element-4301c87 elementor-widget elementor-widget-shortcode\" data-id=\"4301c87\" data-element_type=\"widget\" data-widget_type=\"shortcode.default\">\n\t\t\t\t\t\t\t<div class=\"elementor-shortcode\"><\/div>\n\t\t\t\t\t\t<\/div>\n\t\t\t\t<\/div>\n\t\t\t\t<\/div>\n\t\t\t\t<div data-elementor-type=\"loop-item\" data-elementor-id=\"1326\" class=\"elementor elementor-1326 e-loop-item e-loop-item-3132 post-3132 news type-news status-publish hentry\" data-elementor-post-type=\"elementor_library\" data-custom-edit-handle=\"1\">\n\t\t\t<div class=\"elementor-element elementor-element-a00809b e-con-full e-flex e-con e-child\" data-id=\"a00809b\" data-element_type=\"container\">\n\t\t\t\t<div class=\"elementor-element elementor-element-1d7bbbb elementor-widget elementor-widget-heading\" data-id=\"1d7bbbb\" data-element_type=\"widget\" data-widget_type=\"heading.default\">\n\t\t\t\t\t<h4 class=\"elementor-heading-title elementor-size-default\">10. M\u00e4rz 2021<\/h4>\t\t\t\t<\/div>\n\t\t\t\t<div class=\"elementor-element elementor-element-806526f elementor-widget elementor-widget-text-editor\" data-id=\"806526f\" data-element_type=\"widget\" data-widget_type=\"text-editor.default\">\n\t\t\t\t\t\t\t\t\t<p>Dr. Timo Fenner vertritt erfolgreich die Gl\u00e4ubigerinteressen seiner Klientschaft im Rahmen eines Rechts\u00f6ffnungsverfahrens, bei Einbringung einer offenen Forderung.<\/p>\n\t\t\t\t\t\t\t\t<\/div>\n\t\t\t\t<div class=\"elementor-element elementor-element-4301c87 elementor-widget elementor-widget-shortcode\" data-id=\"4301c87\" data-element_type=\"widget\" data-widget_type=\"shortcode.default\">\n\t\t\t\t\t\t\t<div class=\"elementor-shortcode\"><\/div>\n\t\t\t\t\t\t<\/div>\n\t\t\t\t<\/div>\n\t\t\t\t<\/div>\n\t\t\t\t<div data-elementor-type=\"loop-item\" data-elementor-id=\"1326\" class=\"elementor elementor-1326 e-loop-item e-loop-item-3131 post-3131 news type-news status-publish hentry\" data-elementor-post-type=\"elementor_library\" data-custom-edit-handle=\"1\">\n\t\t\t<div class=\"elementor-element elementor-element-a00809b e-con-full e-flex e-con e-child\" data-id=\"a00809b\" data-element_type=\"container\">\n\t\t\t\t<div class=\"elementor-element elementor-element-1d7bbbb elementor-widget elementor-widget-heading\" data-id=\"1d7bbbb\" data-element_type=\"widget\" data-widget_type=\"heading.default\">\n\t\t\t\t\t<h4 class=\"elementor-heading-title elementor-size-default\">9. M\u00e4rz 2021<\/h4>\t\t\t\t<\/div>\n\t\t\t\t<div class=\"elementor-element elementor-element-806526f elementor-widget elementor-widget-text-editor\" data-id=\"806526f\" data-element_type=\"widget\" data-widget_type=\"text-editor.default\">\n\t\t\t\t\t\t\t\t\t<p>Dr. Andr\u00e9 Terlinden und Dr. Timo Fenner vertreten erfolgreich die Interessen ihrer Klientschaft im Rahmen eines Verfahrens um Wiedererlangung von Verm\u00f6genswerten im Kontext eines Konkursverfahrens sowie internationaler Transaktionen.<\/p>\n\t\t\t\t\t\t\t\t<\/div>\n\t\t\t\t<div class=\"elementor-element elementor-element-4301c87 elementor-widget elementor-widget-shortcode\" data-id=\"4301c87\" data-element_type=\"widget\" data-widget_type=\"shortcode.default\">\n\t\t\t\t\t\t\t<div class=\"elementor-shortcode\"><\/div>\n\t\t\t\t\t\t<\/div>\n\t\t\t\t<\/div>\n\t\t\t\t<\/div>\n\t\t\t\t<div data-elementor-type=\"loop-item\" data-elementor-id=\"1326\" class=\"elementor elementor-1326 e-loop-item e-loop-item-3130 post-3130 news type-news status-publish hentry\" data-elementor-post-type=\"elementor_library\" data-custom-edit-handle=\"1\">\n\t\t\t<div class=\"elementor-element elementor-element-a00809b e-con-full e-flex e-con e-child\" data-id=\"a00809b\" data-element_type=\"container\">\n\t\t\t\t<div class=\"elementor-element elementor-element-1d7bbbb elementor-widget elementor-widget-heading\" data-id=\"1d7bbbb\" data-element_type=\"widget\" data-widget_type=\"heading.default\">\n\t\t\t\t\t<h4 class=\"elementor-heading-title elementor-size-default\">8. M\u00e4rz 2021<\/h4>\t\t\t\t<\/div>\n\t\t\t\t<div class=\"elementor-element elementor-element-806526f elementor-widget elementor-widget-text-editor\" data-id=\"806526f\" data-element_type=\"widget\" data-widget_type=\"text-editor.default\">\n\t\t\t\t\t\t\t\t\t<p>Dr. Timo Fenner ber\u00e4t seine Klientschaft bez\u00fcglich miet- und immobilienrechtlicher Fragestellungen.<\/p>\n\t\t\t\t\t\t\t\t<\/div>\n\t\t\t\t<div class=\"elementor-element elementor-element-4301c87 elementor-widget elementor-widget-shortcode\" data-id=\"4301c87\" data-element_type=\"widget\" data-widget_type=\"shortcode.default\">\n\t\t\t\t\t\t\t<div class=\"elementor-shortcode\"><\/div>\n\t\t\t\t\t\t<\/div>\n\t\t\t\t<\/div>\n\t\t\t\t<\/div>\n\t\t\t\t<div data-elementor-type=\"loop-item\" data-elementor-id=\"1326\" class=\"elementor elementor-1326 e-loop-item e-loop-item-3129 post-3129 news type-news status-publish hentry\" data-elementor-post-type=\"elementor_library\" data-custom-edit-handle=\"1\">\n\t\t\t<div class=\"elementor-element elementor-element-a00809b e-con-full e-flex e-con e-child\" data-id=\"a00809b\" data-element_type=\"container\">\n\t\t\t\t<div class=\"elementor-element elementor-element-1d7bbbb elementor-widget elementor-widget-heading\" data-id=\"1d7bbbb\" data-element_type=\"widget\" data-widget_type=\"heading.default\">\n\t\t\t\t\t<h4 class=\"elementor-heading-title elementor-size-default\">4. M\u00e4rz 2021<\/h4>\t\t\t\t<\/div>\n\t\t\t\t<div class=\"elementor-element elementor-element-806526f elementor-widget elementor-widget-text-editor\" data-id=\"806526f\" data-element_type=\"widget\" data-widget_type=\"text-editor.default\">\n\t\t\t\t\t\t\t\t\t<p>Dr. Andr\u00e9 Terlinden und Dr. Timo Fenner beraten ihre Klientschaft bei erbschafts- und schenkungssteuerrechtlichen Fragestellungen und Nachlassplanung.<\/p>\n\t\t\t\t\t\t\t\t<\/div>\n\t\t\t\t<div class=\"elementor-element elementor-element-4301c87 elementor-widget elementor-widget-shortcode\" data-id=\"4301c87\" data-element_type=\"widget\" data-widget_type=\"shortcode.default\">\n\t\t\t\t\t\t\t<div class=\"elementor-shortcode\"><\/div>\n\t\t\t\t\t\t<\/div>\n\t\t\t\t<\/div>\n\t\t\t\t<\/div>\n\t\t\t\t<div data-elementor-type=\"loop-item\" data-elementor-id=\"1326\" class=\"elementor elementor-1326 e-loop-item e-loop-item-3128 post-3128 news type-news status-publish hentry\" data-elementor-post-type=\"elementor_library\" data-custom-edit-handle=\"1\">\n\t\t\t<div class=\"elementor-element elementor-element-a00809b e-con-full e-flex e-con e-child\" data-id=\"a00809b\" data-element_type=\"container\">\n\t\t\t\t<div class=\"elementor-element elementor-element-1d7bbbb elementor-widget elementor-widget-heading\" data-id=\"1d7bbbb\" data-element_type=\"widget\" data-widget_type=\"heading.default\">\n\t\t\t\t\t<h4 class=\"elementor-heading-title elementor-size-default\">1. M\u00e4rz 2021<\/h4>\t\t\t\t<\/div>\n\t\t\t\t<div class=\"elementor-element elementor-element-806526f elementor-widget elementor-widget-text-editor\" data-id=\"806526f\" data-element_type=\"widget\" data-widget_type=\"text-editor.default\">\n\t\t\t\t\t\t\t\t\t<p>NEUPERT VUILLE PARTNERS vertritt in einer negativen Feststellungsklage in zweistelliger Millionenh\u00f6he erfolgreich die Interessen der Klientschaft.<\/p>\n\t\t\t\t\t\t\t\t<\/div>\n\t\t\t\t<div class=\"elementor-element elementor-element-4301c87 elementor-widget elementor-widget-shortcode\" data-id=\"4301c87\" data-element_type=\"widget\" data-widget_type=\"shortcode.default\">\n\t\t\t\t\t\t\t<div class=\"elementor-shortcode\"><\/div>\n\t\t\t\t\t\t<\/div>\n\t\t\t\t<\/div>\n\t\t\t\t<\/div>\n\t\t\t\t<div data-elementor-type=\"loop-item\" data-elementor-id=\"1326\" class=\"elementor elementor-1326 e-loop-item e-loop-item-3127 post-3127 news type-news status-publish hentry\" data-elementor-post-type=\"elementor_library\" data-custom-edit-handle=\"1\">\n\t\t\t<div class=\"elementor-element elementor-element-a00809b e-con-full e-flex e-con e-child\" data-id=\"a00809b\" data-element_type=\"container\">\n\t\t\t\t<div class=\"elementor-element elementor-element-1d7bbbb elementor-widget elementor-widget-heading\" data-id=\"1d7bbbb\" data-element_type=\"widget\" data-widget_type=\"heading.default\">\n\t\t\t\t\t<h4 class=\"elementor-heading-title elementor-size-default\">12. Februar 2021<\/h4>\t\t\t\t<\/div>\n\t\t\t\t<div class=\"elementor-element elementor-element-806526f elementor-widget elementor-widget-text-editor\" data-id=\"806526f\" data-element_type=\"widget\" data-widget_type=\"text-editor.default\">\n\t\t\t\t\t\t\t\t\t<p>Dr. Timo Fenner unterst\u00fctzt seine Klientschaft auf Arbeitgeberseite in einer arbeitsrechtlichen Auseinandersetzung.<\/p>\n\t\t\t\t\t\t\t\t<\/div>\n\t\t\t\t<div class=\"elementor-element elementor-element-4301c87 elementor-widget elementor-widget-shortcode\" data-id=\"4301c87\" data-element_type=\"widget\" data-widget_type=\"shortcode.default\">\n\t\t\t\t\t\t\t<div class=\"elementor-shortcode\"><\/div>\n\t\t\t\t\t\t<\/div>\n\t\t\t\t<\/div>\n\t\t\t\t<\/div>\n\t\t\t\t<div data-elementor-type=\"loop-item\" data-elementor-id=\"1326\" class=\"elementor elementor-1326 e-loop-item e-loop-item-3126 post-3126 news type-news status-publish hentry\" data-elementor-post-type=\"elementor_library\" data-custom-edit-handle=\"1\">\n\t\t\t<div class=\"elementor-element elementor-element-a00809b e-con-full e-flex e-con e-child\" data-id=\"a00809b\" data-element_type=\"container\">\n\t\t\t\t<div class=\"elementor-element elementor-element-1d7bbbb elementor-widget elementor-widget-heading\" data-id=\"1d7bbbb\" data-element_type=\"widget\" data-widget_type=\"heading.default\">\n\t\t\t\t\t<h4 class=\"elementor-heading-title elementor-size-default\">9. Februar 2021<\/h4>\t\t\t\t<\/div>\n\t\t\t\t<div class=\"elementor-element elementor-element-806526f elementor-widget elementor-widget-text-editor\" data-id=\"806526f\" data-element_type=\"widget\" data-widget_type=\"text-editor.default\">\n\t\t\t\t\t\t\t\t\t<p>Dr. Timo Fenner unterst\u00fctzt seine Klientschaft im Rahmen einer Klage aus aktienrechtlicher Verantwortlichkeit.<\/p>\n\t\t\t\t\t\t\t\t<\/div>\n\t\t\t\t<div class=\"elementor-element elementor-element-4301c87 elementor-widget elementor-widget-shortcode\" data-id=\"4301c87\" data-element_type=\"widget\" data-widget_type=\"shortcode.default\">\n\t\t\t\t\t\t\t<div class=\"elementor-shortcode\"><\/div>\n\t\t\t\t\t\t<\/div>\n\t\t\t\t<\/div>\n\t\t\t\t<\/div>\n\t\t\t\t<div data-elementor-type=\"loop-item\" data-elementor-id=\"1326\" class=\"elementor elementor-1326 e-loop-item e-loop-item-3125 post-3125 news type-news status-publish hentry\" data-elementor-post-type=\"elementor_library\" data-custom-edit-handle=\"1\">\n\t\t\t<div class=\"elementor-element elementor-element-a00809b e-con-full e-flex e-con e-child\" data-id=\"a00809b\" data-element_type=\"container\">\n\t\t\t\t<div class=\"elementor-element elementor-element-1d7bbbb elementor-widget elementor-widget-heading\" data-id=\"1d7bbbb\" data-element_type=\"widget\" data-widget_type=\"heading.default\">\n\t\t\t\t\t<h4 class=\"elementor-heading-title elementor-size-default\">8. Februar 2021<\/h4>\t\t\t\t<\/div>\n\t\t\t\t<div class=\"elementor-element elementor-element-806526f elementor-widget elementor-widget-text-editor\" data-id=\"806526f\" data-element_type=\"widget\" data-widget_type=\"text-editor.default\">\n\t\t\t\t\t\t\t\t\t<p>Dr. Timo Fenner unterst\u00fctzt seine Klientschaft im Rahmen einer grundbuch- und eigentumsrechtlichen Auseinandersetzung.<\/p>\n\t\t\t\t\t\t\t\t<\/div>\n\t\t\t\t<div class=\"elementor-element elementor-element-4301c87 elementor-widget elementor-widget-shortcode\" data-id=\"4301c87\" data-element_type=\"widget\" data-widget_type=\"shortcode.default\">\n\t\t\t\t\t\t\t<div class=\"elementor-shortcode\"><\/div>\n\t\t\t\t\t\t<\/div>\n\t\t\t\t<\/div>\n\t\t\t\t<\/div>\n\t\t\t\t<div data-elementor-type=\"loop-item\" data-elementor-id=\"1326\" class=\"elementor elementor-1326 e-loop-item e-loop-item-3124 post-3124 news type-news status-publish hentry\" data-elementor-post-type=\"elementor_library\" data-custom-edit-handle=\"1\">\n\t\t\t<div class=\"elementor-element elementor-element-a00809b e-con-full e-flex e-con e-child\" data-id=\"a00809b\" data-element_type=\"container\">\n\t\t\t\t<div class=\"elementor-element elementor-element-1d7bbbb elementor-widget elementor-widget-heading\" data-id=\"1d7bbbb\" data-element_type=\"widget\" data-widget_type=\"heading.default\">\n\t\t\t\t\t<h4 class=\"elementor-heading-title elementor-size-default\">1. Februar 2021<\/h4>\t\t\t\t<\/div>\n\t\t\t\t<div class=\"elementor-element elementor-element-806526f elementor-widget elementor-widget-text-editor\" data-id=\"806526f\" data-element_type=\"widget\" data-widget_type=\"text-editor.default\">\n\t\t\t\t\t\t\t\t\t<p>Dr. Timo Fenner publiziert als Mitherausgeber den Band Recht und Rechtswissenschaft zur Zeit der Reformationen und der Renaissance<\/p>\n\t\t\t\t\t\t\t\t<\/div>\n\t\t\t\t<div class=\"elementor-element elementor-element-4301c87 elementor-widget elementor-widget-shortcode\" data-id=\"4301c87\" data-element_type=\"widget\" data-widget_type=\"shortcode.default\">\n\t\t\t\t\t\t\t<div class=\"elementor-shortcode\">        <a href=\"https:\/\/www.eva-leipzig.de\/de\/recht-und-rechtswissenschaft-zur-zeit-der-reformationen-und-der-renaissance-hardcover-1\" target=\"_blank\">Zur Publikation<\/a>\n    <\/div>\n\t\t\t\t\t\t<\/div>\n\t\t\t\t<\/div>\n\t\t\t\t<\/div>\n\t\t\t\t<div data-elementor-type=\"loop-item\" data-elementor-id=\"1326\" class=\"elementor elementor-1326 e-loop-item e-loop-item-3123 post-3123 news type-news status-publish hentry\" data-elementor-post-type=\"elementor_library\" data-custom-edit-handle=\"1\">\n\t\t\t<div class=\"elementor-element elementor-element-a00809b e-con-full e-flex e-con e-child\" data-id=\"a00809b\" data-element_type=\"container\">\n\t\t\t\t<div class=\"elementor-element elementor-element-1d7bbbb elementor-widget elementor-widget-heading\" data-id=\"1d7bbbb\" data-element_type=\"widget\" data-widget_type=\"heading.default\">\n\t\t\t\t\t<h4 class=\"elementor-heading-title elementor-size-default\">22. Januar 2021<\/h4>\t\t\t\t<\/div>\n\t\t\t\t<div class=\"elementor-element elementor-element-806526f elementor-widget elementor-widget-text-editor\" data-id=\"806526f\" data-element_type=\"widget\" data-widget_type=\"text-editor.default\">\n\t\t\t\t\t\t\t\t\t<p>Dr. Timo Fenner unterst\u00fctzt seine Klientschaft auf Mieterseite erfolgreich in einer mietrechtlichen Auseinandersetzung im Rahmen verschiedener, covid-pandemiebedingter Mietzinsreduktionen von Gesch\u00e4ftslokalit\u00e4ten.<\/p>\n\t\t\t\t\t\t\t\t<\/div>\n\t\t\t\t<div class=\"elementor-element elementor-element-4301c87 elementor-widget elementor-widget-shortcode\" data-id=\"4301c87\" data-element_type=\"widget\" data-widget_type=\"shortcode.default\">\n\t\t\t\t\t\t\t<div class=\"elementor-shortcode\"><\/div>\n\t\t\t\t\t\t<\/div>\n\t\t\t\t<\/div>\n\t\t\t\t<\/div>\n\t\t\t\t<div data-elementor-type=\"loop-item\" data-elementor-id=\"1326\" class=\"elementor elementor-1326 e-loop-item e-loop-item-3122 post-3122 news type-news status-publish hentry\" data-elementor-post-type=\"elementor_library\" data-custom-edit-handle=\"1\">\n\t\t\t<div class=\"elementor-element elementor-element-a00809b e-con-full e-flex e-con e-child\" data-id=\"a00809b\" data-element_type=\"container\">\n\t\t\t\t<div class=\"elementor-element elementor-element-1d7bbbb elementor-widget elementor-widget-heading\" data-id=\"1d7bbbb\" data-element_type=\"widget\" data-widget_type=\"heading.default\">\n\t\t\t\t\t<h4 class=\"elementor-heading-title elementor-size-default\">12. Januar 2021<\/h4>\t\t\t\t<\/div>\n\t\t\t\t<div class=\"elementor-element elementor-element-806526f elementor-widget elementor-widget-text-editor\" data-id=\"806526f\" data-element_type=\"widget\" data-widget_type=\"text-editor.default\">\n\t\t\t\t\t\t\t\t\t<p>Dr. Timo Fenner unterst\u00fctzt seine Klientschaft bei der Vollstreckung einer Geldforderung.<\/p>\n\t\t\t\t\t\t\t\t<\/div>\n\t\t\t\t<div class=\"elementor-element elementor-element-4301c87 elementor-widget elementor-widget-shortcode\" data-id=\"4301c87\" data-element_type=\"widget\" data-widget_type=\"shortcode.default\">\n\t\t\t\t\t\t\t<div class=\"elementor-shortcode\"><\/div>\n\t\t\t\t\t\t<\/div>\n\t\t\t\t<\/div>\n\t\t\t\t<\/div>\n\t\t\t\t<div data-elementor-type=\"loop-item\" data-elementor-id=\"1326\" class=\"elementor elementor-1326 e-loop-item e-loop-item-3121 post-3121 news type-news status-publish hentry\" data-elementor-post-type=\"elementor_library\" data-custom-edit-handle=\"1\">\n\t\t\t<div class=\"elementor-element elementor-element-a00809b e-con-full e-flex e-con e-child\" data-id=\"a00809b\" data-element_type=\"container\">\n\t\t\t\t<div class=\"elementor-element elementor-element-1d7bbbb elementor-widget elementor-widget-heading\" data-id=\"1d7bbbb\" data-element_type=\"widget\" data-widget_type=\"heading.default\">\n\t\t\t\t\t<h4 class=\"elementor-heading-title elementor-size-default\">1. Januar 2021<\/h4>\t\t\t\t<\/div>\n\t\t\t\t<div class=\"elementor-element elementor-element-806526f elementor-widget elementor-widget-text-editor\" data-id=\"806526f\" data-element_type=\"widget\" data-widget_type=\"text-editor.default\">\n\t\t\t\t\t\t\t\t\t<p>Dr. Timo Fenner tritt der Kanzlei NEUPERT VUILLE PARTNERS als Partner bei.<\/p>\n\t\t\t\t\t\t\t\t<\/div>\n\t\t\t\t<div class=\"elementor-element elementor-element-4301c87 elementor-widget elementor-widget-shortcode\" data-id=\"4301c87\" data-element_type=\"widget\" data-widget_type=\"shortcode.default\">\n\t\t\t\t\t\t\t<div class=\"elementor-shortcode\"><\/div>\n\t\t\t\t\t\t<\/div>\n\t\t\t\t<\/div>\n\t\t\t\t<\/div>\n\t\t\t\t<div data-elementor-type=\"loop-item\" data-elementor-id=\"1326\" class=\"elementor elementor-1326 e-loop-item e-loop-item-3120 post-3120 news type-news status-publish hentry\" data-elementor-post-type=\"elementor_library\" data-custom-edit-handle=\"1\">\n\t\t\t<div class=\"elementor-element elementor-element-a00809b e-con-full e-flex e-con e-child\" data-id=\"a00809b\" data-element_type=\"container\">\n\t\t\t\t<div class=\"elementor-element elementor-element-1d7bbbb elementor-widget elementor-widget-heading\" data-id=\"1d7bbbb\" data-element_type=\"widget\" data-widget_type=\"heading.default\">\n\t\t\t\t\t<h4 class=\"elementor-heading-title elementor-size-default\">28. Dezember 2020<\/h4>\t\t\t\t<\/div>\n\t\t\t\t<div class=\"elementor-element elementor-element-806526f elementor-widget elementor-widget-text-editor\" data-id=\"806526f\" data-element_type=\"widget\" data-widget_type=\"text-editor.default\">\n\t\t\t\t\t\t\t\t\t<p>Dr. Timo Fenner wird in den Stiftungsrat der Yvonne Lang-Chardonnens-Stiftung gew\u00e4hlt. Die Stiftung bezweckt die Erm\u00f6glichung j\u00e4hrlicher, ausbildungsgebundener Auslandaufenthalte f\u00fcr begabte Absolventen der Z\u00fcrcher Hochschule der K\u00fcnste (ZHdK).<\/p>\n\t\t\t\t\t\t\t\t<\/div>\n\t\t\t\t<div class=\"elementor-element elementor-element-4301c87 elementor-widget elementor-widget-shortcode\" data-id=\"4301c87\" data-element_type=\"widget\" data-widget_type=\"shortcode.default\">\n\t\t\t\t\t\t\t<div class=\"elementor-shortcode\"><\/div>\n\t\t\t\t\t\t<\/div>\n\t\t\t\t<\/div>\n\t\t\t\t<\/div>\n\t\t\t\t<div data-elementor-type=\"loop-item\" data-elementor-id=\"1326\" class=\"elementor elementor-1326 e-loop-item e-loop-item-3119 post-3119 news type-news status-publish hentry\" data-elementor-post-type=\"elementor_library\" data-custom-edit-handle=\"1\">\n\t\t\t<div class=\"elementor-element elementor-element-a00809b e-con-full e-flex e-con e-child\" data-id=\"a00809b\" data-element_type=\"container\">\n\t\t\t\t<div class=\"elementor-element elementor-element-1d7bbbb elementor-widget elementor-widget-heading\" data-id=\"1d7bbbb\" data-element_type=\"widget\" data-widget_type=\"heading.default\">\n\t\t\t\t\t<h4 class=\"elementor-heading-title elementor-size-default\">17. Dezember 2020<\/h4>\t\t\t\t<\/div>\n\t\t\t\t<div class=\"elementor-element elementor-element-806526f elementor-widget elementor-widget-text-editor\" data-id=\"806526f\" data-element_type=\"widget\" data-widget_type=\"text-editor.default\">\n\t\t\t\t\t\t\t\t\t<p>Dr. Timo Fenner unterst\u00fctzt seine Klientschaft bei der Einfuhr von Kunstwerken aus dem Ausland und vertritt diese erfolgreich gegen\u00fcber der Eidgen\u00f6ssischen Zollverwaltung.<\/p>\n\t\t\t\t\t\t\t\t<\/div>\n\t\t\t\t<div class=\"elementor-element elementor-element-4301c87 elementor-widget elementor-widget-shortcode\" data-id=\"4301c87\" data-element_type=\"widget\" data-widget_type=\"shortcode.default\">\n\t\t\t\t\t\t\t<div class=\"elementor-shortcode\"><\/div>\n\t\t\t\t\t\t<\/div>\n\t\t\t\t<\/div>\n\t\t\t\t<\/div>\n\t\t\t\t<div data-elementor-type=\"loop-item\" data-elementor-id=\"1326\" class=\"elementor elementor-1326 e-loop-item e-loop-item-3118 post-3118 news type-news status-publish hentry\" data-elementor-post-type=\"elementor_library\" data-custom-edit-handle=\"1\">\n\t\t\t<div class=\"elementor-element elementor-element-a00809b e-con-full e-flex e-con e-child\" data-id=\"a00809b\" data-element_type=\"container\">\n\t\t\t\t<div class=\"elementor-element elementor-element-1d7bbbb elementor-widget elementor-widget-heading\" data-id=\"1d7bbbb\" data-element_type=\"widget\" data-widget_type=\"heading.default\">\n\t\t\t\t\t<h4 class=\"elementor-heading-title elementor-size-default\">14. Dezember 2020<\/h4>\t\t\t\t<\/div>\n\t\t\t\t<div class=\"elementor-element elementor-element-806526f elementor-widget elementor-widget-text-editor\" data-id=\"806526f\" data-element_type=\"widget\" data-widget_type=\"text-editor.default\">\n\t\t\t\t\t\t\t\t\t<p>Dr. Timo Fenner unterst\u00fctzt seine Klientschaft in der Abwicklung eines Nachlassverfahrens im Rahmen der Aufnahme eines \u00f6ffentlichen Inventars sowie der Anordnung der Erbschaftsverwaltung und vertritt diese gegen\u00fcber den Beh\u00f6rden sowie dem Gericht in Erbschaftsangelegenheiten.<\/p>\n\t\t\t\t\t\t\t\t<\/div>\n\t\t\t\t<div class=\"elementor-element elementor-element-4301c87 elementor-widget elementor-widget-shortcode\" data-id=\"4301c87\" data-element_type=\"widget\" data-widget_type=\"shortcode.default\">\n\t\t\t\t\t\t\t<div class=\"elementor-shortcode\"><\/div>\n\t\t\t\t\t\t<\/div>\n\t\t\t\t<\/div>\n\t\t\t\t<\/div>\n\t\t\t\t<div data-elementor-type=\"loop-item\" data-elementor-id=\"1326\" class=\"elementor elementor-1326 e-loop-item e-loop-item-3117 post-3117 news type-news status-publish hentry\" data-elementor-post-type=\"elementor_library\" data-custom-edit-handle=\"1\">\n\t\t\t<div class=\"elementor-element elementor-element-a00809b e-con-full e-flex e-con e-child\" data-id=\"a00809b\" data-element_type=\"container\">\n\t\t\t\t<div class=\"elementor-element elementor-element-1d7bbbb elementor-widget elementor-widget-heading\" data-id=\"1d7bbbb\" data-element_type=\"widget\" data-widget_type=\"heading.default\">\n\t\t\t\t\t<h4 class=\"elementor-heading-title elementor-size-default\">9. Dezember 2020<\/h4>\t\t\t\t<\/div>\n\t\t\t\t<div class=\"elementor-element elementor-element-806526f elementor-widget elementor-widget-text-editor\" data-id=\"806526f\" data-element_type=\"widget\" data-widget_type=\"text-editor.default\">\n\t\t\t\t\t\t\t\t\t<p>Dr. Andr\u00e9 Terlinden unterst\u00fctzt seine Klientschaft als Escrow Agent im Rahmen einer g\u00fcterrechtlichen Auseinandersetzung.<\/p>\n\t\t\t\t\t\t\t\t<\/div>\n\t\t\t\t<div class=\"elementor-element elementor-element-4301c87 elementor-widget elementor-widget-shortcode\" data-id=\"4301c87\" data-element_type=\"widget\" data-widget_type=\"shortcode.default\">\n\t\t\t\t\t\t\t<div class=\"elementor-shortcode\"><\/div>\n\t\t\t\t\t\t<\/div>\n\t\t\t\t<\/div>\n\t\t\t\t<\/div>\n\t\t\t\t<div data-elementor-type=\"loop-item\" data-elementor-id=\"1326\" class=\"elementor elementor-1326 e-loop-item e-loop-item-3116 post-3116 news type-news status-publish hentry\" data-elementor-post-type=\"elementor_library\" data-custom-edit-handle=\"1\">\n\t\t\t<div class=\"elementor-element elementor-element-a00809b e-con-full e-flex e-con e-child\" data-id=\"a00809b\" data-element_type=\"container\">\n\t\t\t\t<div class=\"elementor-element elementor-element-1d7bbbb elementor-widget elementor-widget-heading\" data-id=\"1d7bbbb\" data-element_type=\"widget\" data-widget_type=\"heading.default\">\n\t\t\t\t\t<h4 class=\"elementor-heading-title elementor-size-default\">25. November 2020<\/h4>\t\t\t\t<\/div>\n\t\t\t\t<div class=\"elementor-element elementor-element-806526f elementor-widget elementor-widget-text-editor\" data-id=\"806526f\" data-element_type=\"widget\" data-widget_type=\"text-editor.default\">\n\t\t\t\t\t\t\t\t\t<p>Dr. Andr\u00e9 Terlinden referiert anl\u00e4sslich eines Webinars der Schweizerisch-Russischen Handelskammer zur Thematik \u00abDoing Business with Digital Assets in Switzerland \u2013 How to invest and trade with cryptocurrencies and digital securities under Swiss Financial Market Regulations\u00bb. <\/p>\n\t\t\t\t\t\t\t\t<\/div>\n\t\t\t\t<div class=\"elementor-element elementor-element-4301c87 elementor-widget elementor-widget-shortcode\" data-id=\"4301c87\" data-element_type=\"widget\" data-widget_type=\"shortcode.default\">\n\t\t\t\t\t\t\t<div class=\"elementor-shortcode\">        <a href=\"https:\/\/www.youtube.com\/watch?v=4WcwonjfuCM&#038;feature=youtu.be\" target=\"_blank\">Online Version auf Youtube<\/a>\n    <\/div>\n\t\t\t\t\t\t<\/div>\n\t\t\t\t<\/div>\n\t\t\t\t<\/div>\n\t\t\t\t<div data-elementor-type=\"loop-item\" data-elementor-id=\"1326\" class=\"elementor elementor-1326 e-loop-item e-loop-item-3115 post-3115 news type-news status-publish hentry\" data-elementor-post-type=\"elementor_library\" data-custom-edit-handle=\"1\">\n\t\t\t<div class=\"elementor-element elementor-element-a00809b e-con-full e-flex e-con e-child\" data-id=\"a00809b\" data-element_type=\"container\">\n\t\t\t\t<div class=\"elementor-element elementor-element-1d7bbbb elementor-widget elementor-widget-heading\" data-id=\"1d7bbbb\" data-element_type=\"widget\" data-widget_type=\"heading.default\">\n\t\t\t\t\t<h4 class=\"elementor-heading-title elementor-size-default\">20. November 2020<\/h4>\t\t\t\t<\/div>\n\t\t\t\t<div class=\"elementor-element elementor-element-806526f elementor-widget elementor-widget-text-editor\" data-id=\"806526f\" data-element_type=\"widget\" data-widget_type=\"text-editor.default\">\n\t\t\t\t\t\t\t\t\t<p>Dr. Timo Fenner vertritt und ber\u00e4t seine Klientschaft auf P\u00e4chterseite im Rahmen eines Pachtverh\u00e4ltnisses bei pachtrechtlichen Fragestellungen.<\/p>\n\t\t\t\t\t\t\t\t<\/div>\n\t\t\t\t<div class=\"elementor-element elementor-element-4301c87 elementor-widget elementor-widget-shortcode\" data-id=\"4301c87\" data-element_type=\"widget\" data-widget_type=\"shortcode.default\">\n\t\t\t\t\t\t\t<div class=\"elementor-shortcode\"><\/div>\n\t\t\t\t\t\t<\/div>\n\t\t\t\t<\/div>\n\t\t\t\t<\/div>\n\t\t\t\t<div data-elementor-type=\"loop-item\" data-elementor-id=\"1326\" class=\"elementor elementor-1326 e-loop-item e-loop-item-3100 post-3100 news type-news status-publish hentry\" data-elementor-post-type=\"elementor_library\" data-custom-edit-handle=\"1\">\n\t\t\t<div class=\"elementor-element elementor-element-a00809b e-con-full e-flex e-con e-child\" data-id=\"a00809b\" data-element_type=\"container\">\n\t\t\t\t<div class=\"elementor-element elementor-element-1d7bbbb elementor-widget elementor-widget-heading\" data-id=\"1d7bbbb\" data-element_type=\"widget\" data-widget_type=\"heading.default\">\n\t\t\t\t\t<h4 class=\"elementor-heading-title elementor-size-default\">12. November 2020<\/h4>\t\t\t\t<\/div>\n\t\t\t\t<div class=\"elementor-element elementor-element-806526f elementor-widget elementor-widget-text-editor\" data-id=\"806526f\" data-element_type=\"widget\" data-widget_type=\"text-editor.default\">\n\t\t\t\t\t\t\t\t\t<p>Dr. Timo Fenner ber\u00e4t und unterst\u00fctzt seine Klientschaft im Rahmen einer Stiftungsgr\u00fcndung.<\/p>\n\t\t\t\t\t\t\t\t<\/div>\n\t\t\t\t<div class=\"elementor-element elementor-element-4301c87 elementor-widget elementor-widget-shortcode\" data-id=\"4301c87\" data-element_type=\"widget\" data-widget_type=\"shortcode.default\">\n\t\t\t\t\t\t\t<div class=\"elementor-shortcode\"><\/div>\n\t\t\t\t\t\t<\/div>\n\t\t\t\t<\/div>\n\t\t\t\t<\/div>\n\t\t\t\t<div data-elementor-type=\"loop-item\" data-elementor-id=\"1326\" class=\"elementor elementor-1326 e-loop-item e-loop-item-3099 post-3099 news type-news status-publish hentry\" data-elementor-post-type=\"elementor_library\" data-custom-edit-handle=\"1\">\n\t\t\t<div class=\"elementor-element elementor-element-a00809b e-con-full e-flex e-con e-child\" data-id=\"a00809b\" data-element_type=\"container\">\n\t\t\t\t<div class=\"elementor-element elementor-element-1d7bbbb elementor-widget elementor-widget-heading\" data-id=\"1d7bbbb\" data-element_type=\"widget\" data-widget_type=\"heading.default\">\n\t\t\t\t\t<h4 class=\"elementor-heading-title elementor-size-default\">22. Oktober 2020<\/h4>\t\t\t\t<\/div>\n\t\t\t\t<div class=\"elementor-element elementor-element-806526f elementor-widget elementor-widget-text-editor\" data-id=\"806526f\" data-element_type=\"widget\" data-widget_type=\"text-editor.default\">\n\t\t\t\t\t\t\t\t\t<p>Dr. Timo Fenner gewinnt vor dem Bundesgericht ein mehrj\u00e4hriges Arrestverfahren mit Auslandsbezug vor den Genfer Gerichten und Beh\u00f6rden und erwirkt die sofortige Auszahlung des verarrestierten Geldbetrages.<\/p>\n\t\t\t\t\t\t\t\t<\/div>\n\t\t\t\t<div class=\"elementor-element elementor-element-4301c87 elementor-widget elementor-widget-shortcode\" data-id=\"4301c87\" data-element_type=\"widget\" data-widget_type=\"shortcode.default\">\n\t\t\t\t\t\t\t<div class=\"elementor-shortcode\"><\/div>\n\t\t\t\t\t\t<\/div>\n\t\t\t\t<\/div>\n\t\t\t\t<\/div>\n\t\t\t\t<div data-elementor-type=\"loop-item\" data-elementor-id=\"1326\" class=\"elementor elementor-1326 e-loop-item e-loop-item-3098 post-3098 news type-news status-publish hentry\" data-elementor-post-type=\"elementor_library\" data-custom-edit-handle=\"1\">\n\t\t\t<div class=\"elementor-element elementor-element-a00809b e-con-full e-flex e-con e-child\" data-id=\"a00809b\" data-element_type=\"container\">\n\t\t\t\t<div class=\"elementor-element elementor-element-1d7bbbb elementor-widget elementor-widget-heading\" data-id=\"1d7bbbb\" data-element_type=\"widget\" data-widget_type=\"heading.default\">\n\t\t\t\t\t<h4 class=\"elementor-heading-title elementor-size-default\">2. Oktober 2020<\/h4>\t\t\t\t<\/div>\n\t\t\t\t<div class=\"elementor-element elementor-element-806526f elementor-widget elementor-widget-text-editor\" data-id=\"806526f\" data-element_type=\"widget\" data-widget_type=\"text-editor.default\">\n\t\t\t\t\t\t\t\t\t<p>Dr. Timo Fenner vertritt erfolgreich die Interessen eines Klienten im Bereich des Schuldbetreibungs- und Konkursrechts.<\/p>\n\t\t\t\t\t\t\t\t<\/div>\n\t\t\t\t<div class=\"elementor-element elementor-element-4301c87 elementor-widget elementor-widget-shortcode\" data-id=\"4301c87\" data-element_type=\"widget\" data-widget_type=\"shortcode.default\">\n\t\t\t\t\t\t\t<div class=\"elementor-shortcode\"><\/div>\n\t\t\t\t\t\t<\/div>\n\t\t\t\t<\/div>\n\t\t\t\t<\/div>\n\t\t\t\t<div data-elementor-type=\"loop-item\" data-elementor-id=\"1326\" class=\"elementor elementor-1326 e-loop-item e-loop-item-3097 post-3097 news type-news status-publish hentry\" data-elementor-post-type=\"elementor_library\" data-custom-edit-handle=\"1\">\n\t\t\t<div class=\"elementor-element elementor-element-a00809b e-con-full e-flex e-con e-child\" data-id=\"a00809b\" data-element_type=\"container\">\n\t\t\t\t<div class=\"elementor-element elementor-element-1d7bbbb elementor-widget elementor-widget-heading\" data-id=\"1d7bbbb\" data-element_type=\"widget\" data-widget_type=\"heading.default\">\n\t\t\t\t\t<h4 class=\"elementor-heading-title elementor-size-default\">1. Oktober 2020<\/h4>\t\t\t\t<\/div>\n\t\t\t\t<div class=\"elementor-element elementor-element-806526f elementor-widget elementor-widget-text-editor\" data-id=\"806526f\" data-element_type=\"widget\" data-widget_type=\"text-editor.default\">\n\t\t\t\t\t\t\t\t\t<p>Dr. Dieter Neupert wird zum Pr\u00e4sidenten der Ethikkommission des Weltsegelverbands auf Lebzeiten gew\u00e4hlt.<\/p>\n\t\t\t\t\t\t\t\t<\/div>\n\t\t\t\t<div class=\"elementor-element elementor-element-4301c87 elementor-widget elementor-widget-shortcode\" data-id=\"4301c87\" data-element_type=\"widget\" data-widget_type=\"shortcode.default\">\n\t\t\t\t\t\t\t<div class=\"elementor-shortcode\"><\/div>\n\t\t\t\t\t\t<\/div>\n\t\t\t\t<\/div>\n\t\t\t\t<\/div>\n\t\t\t\t<div data-elementor-type=\"loop-item\" data-elementor-id=\"1326\" class=\"elementor elementor-1326 e-loop-item e-loop-item-3096 post-3096 news type-news status-publish hentry\" data-elementor-post-type=\"elementor_library\" data-custom-edit-handle=\"1\">\n\t\t\t<div class=\"elementor-element elementor-element-a00809b e-con-full e-flex e-con e-child\" data-id=\"a00809b\" data-element_type=\"container\">\n\t\t\t\t<div class=\"elementor-element elementor-element-1d7bbbb elementor-widget elementor-widget-heading\" data-id=\"1d7bbbb\" data-element_type=\"widget\" data-widget_type=\"heading.default\">\n\t\t\t\t\t<h4 class=\"elementor-heading-title elementor-size-default\">24. September 2020<\/h4>\t\t\t\t<\/div>\n\t\t\t\t<div class=\"elementor-element elementor-element-806526f elementor-widget elementor-widget-text-editor\" data-id=\"806526f\" data-element_type=\"widget\" data-widget_type=\"text-editor.default\">\n\t\t\t\t\t\t\t\t\t<p>Dr. Timo Fenner unterst\u00fctzt seine Klientschaft im Rahmen eines internationalen Sachverhalts bei der Abwehr einer ungerechtfertigten Forderung.<\/p>\n\t\t\t\t\t\t\t\t<\/div>\n\t\t\t\t<div class=\"elementor-element elementor-element-4301c87 elementor-widget elementor-widget-shortcode\" data-id=\"4301c87\" data-element_type=\"widget\" data-widget_type=\"shortcode.default\">\n\t\t\t\t\t\t\t<div class=\"elementor-shortcode\"><\/div>\n\t\t\t\t\t\t<\/div>\n\t\t\t\t<\/div>\n\t\t\t\t<\/div>\n\t\t\t\t<div data-elementor-type=\"loop-item\" data-elementor-id=\"1326\" class=\"elementor elementor-1326 e-loop-item e-loop-item-3094 post-3094 news type-news status-publish hentry\" data-elementor-post-type=\"elementor_library\" data-custom-edit-handle=\"1\">\n\t\t\t<div class=\"elementor-element elementor-element-a00809b e-con-full e-flex e-con e-child\" data-id=\"a00809b\" data-element_type=\"container\">\n\t\t\t\t<div class=\"elementor-element elementor-element-1d7bbbb elementor-widget elementor-widget-heading\" data-id=\"1d7bbbb\" data-element_type=\"widget\" data-widget_type=\"heading.default\">\n\t\t\t\t\t<h4 class=\"elementor-heading-title elementor-size-default\">10. September 2020<\/h4>\t\t\t\t<\/div>\n\t\t\t\t<div class=\"elementor-element elementor-element-806526f elementor-widget elementor-widget-text-editor\" data-id=\"806526f\" data-element_type=\"widget\" data-widget_type=\"text-editor.default\">\n\t\t\t\t\t\t\t\t\t<p>Dr. Timo Fenner und Dr. Andr\u00e9 Terlinden ver\u00f6ffentlichen ihre Publikation zur Thematik \u00abBankkonto blockiert \u2013 Was tun?\u00bb, in Private Das Geldmagazin 3\/2020.<\/p>\n\t\t\t\t\t\t\t\t<\/div>\n\t\t\t\t<div class=\"elementor-element elementor-element-4301c87 elementor-widget elementor-widget-shortcode\" data-id=\"4301c87\" data-element_type=\"widget\" data-widget_type=\"shortcode.default\">\n\t\t\t\t\t\t\t<div class=\"elementor-shortcode\"><\/div>\n\t\t\t\t\t\t<\/div>\n\t\t\t\t<\/div>\n\t\t\t\t<\/div>\n\t\t\t\t<div data-elementor-type=\"loop-item\" data-elementor-id=\"1326\" class=\"elementor elementor-1326 e-loop-item e-loop-item-3093 post-3093 news type-news status-publish hentry\" data-elementor-post-type=\"elementor_library\" data-custom-edit-handle=\"1\">\n\t\t\t<div class=\"elementor-element elementor-element-a00809b e-con-full e-flex e-con e-child\" data-id=\"a00809b\" data-element_type=\"container\">\n\t\t\t\t<div class=\"elementor-element elementor-element-1d7bbbb elementor-widget elementor-widget-heading\" data-id=\"1d7bbbb\" data-element_type=\"widget\" data-widget_type=\"heading.default\">\n\t\t\t\t\t<h4 class=\"elementor-heading-title elementor-size-default\">Juli 2020<\/h4>\t\t\t\t<\/div>\n\t\t\t\t<div class=\"elementor-element elementor-element-806526f elementor-widget elementor-widget-text-editor\" data-id=\"806526f\" data-element_type=\"widget\" data-widget_type=\"text-editor.default\">\n\t\t\t\t\t\t\t\t\t<p>Dr. Andr\u00e9 Terlinden ber\u00e4t eine Schweizer Gesellschaft im Rahmen einer Finanzierungsrunde von CHF 6 Millionen bei allen rechtlichen Fragestellungen und Dokumentation.<\/p>\n\t\t\t\t\t\t\t\t<\/div>\n\t\t\t\t<div class=\"elementor-element elementor-element-4301c87 elementor-widget elementor-widget-shortcode\" data-id=\"4301c87\" data-element_type=\"widget\" data-widget_type=\"shortcode.default\">\n\t\t\t\t\t\t\t<div class=\"elementor-shortcode\"><\/div>\n\t\t\t\t\t\t<\/div>\n\t\t\t\t<\/div>\n\t\t\t\t<\/div>\n\t\t\t\t<div data-elementor-type=\"loop-item\" data-elementor-id=\"1326\" class=\"elementor elementor-1326 e-loop-item e-loop-item-3092 post-3092 news type-news status-publish hentry\" data-elementor-post-type=\"elementor_library\" data-custom-edit-handle=\"1\">\n\t\t\t<div class=\"elementor-element elementor-element-a00809b e-con-full e-flex e-con e-child\" data-id=\"a00809b\" data-element_type=\"container\">\n\t\t\t\t<div class=\"elementor-element elementor-element-1d7bbbb elementor-widget elementor-widget-heading\" data-id=\"1d7bbbb\" data-element_type=\"widget\" data-widget_type=\"heading.default\">\n\t\t\t\t\t<h4 class=\"elementor-heading-title elementor-size-default\">Juni 2020<\/h4>\t\t\t\t<\/div>\n\t\t\t\t<div class=\"elementor-element elementor-element-806526f elementor-widget elementor-widget-text-editor\" data-id=\"806526f\" data-element_type=\"widget\" data-widget_type=\"text-editor.default\">\n\t\t\t\t\t\t\t\t\t<p>Dr. Timo Fenner erwirkt die sofortige Entsperrung eines blockierten Bankkontos mit Verm\u00f6genswerten von rund CHF 1,5 Millionen.<\/p>\n\t\t\t\t\t\t\t\t<\/div>\n\t\t\t\t<div class=\"elementor-element elementor-element-4301c87 elementor-widget elementor-widget-shortcode\" data-id=\"4301c87\" data-element_type=\"widget\" data-widget_type=\"shortcode.default\">\n\t\t\t\t\t\t\t<div class=\"elementor-shortcode\"><\/div>\n\t\t\t\t\t\t<\/div>\n\t\t\t\t<\/div>\n\t\t\t\t<\/div>\n\t\t\t\t<div data-elementor-type=\"loop-item\" data-elementor-id=\"1326\" class=\"elementor elementor-1326 e-loop-item e-loop-item-3091 post-3091 news type-news status-publish hentry\" data-elementor-post-type=\"elementor_library\" data-custom-edit-handle=\"1\">\n\t\t\t<div class=\"elementor-element elementor-element-a00809b e-con-full e-flex e-con e-child\" data-id=\"a00809b\" data-element_type=\"container\">\n\t\t\t\t<div class=\"elementor-element elementor-element-1d7bbbb elementor-widget elementor-widget-heading\" data-id=\"1d7bbbb\" data-element_type=\"widget\" data-widget_type=\"heading.default\">\n\t\t\t\t\t<h4 class=\"elementor-heading-title elementor-size-default\">Mai 2020<\/h4>\t\t\t\t<\/div>\n\t\t\t\t<div class=\"elementor-element elementor-element-806526f elementor-widget elementor-widget-text-editor\" data-id=\"806526f\" data-element_type=\"widget\" data-widget_type=\"text-editor.default\">\n\t\t\t\t\t\t\t\t\t<p>Dr. Timo Fenner vertritt erfolgreich die Interessen seiner Klienten auf Gl\u00e4ubiger und auf Schuldnerseite in verschiedenen Verfahren auf dem Gebiet des Schuldbetreibungs- und Konkursrechts, insbesondere im Rahmen von Rechts\u00f6ffnungen.<\/p>\n<p>Dr. Timo Fenner vertritt die Interessen eines Gl\u00e4ubigers einer ausstehenden Anleihe gegen\u00fcber dem Emittenten im Umfang von EUR 500&#8217;000.\u2013.<\/p>\n\t\t\t\t\t\t\t\t<\/div>\n\t\t\t\t<div class=\"elementor-element elementor-element-4301c87 elementor-widget elementor-widget-shortcode\" data-id=\"4301c87\" data-element_type=\"widget\" data-widget_type=\"shortcode.default\">\n\t\t\t\t\t\t\t<div class=\"elementor-shortcode\"><\/div>\n\t\t\t\t\t\t<\/div>\n\t\t\t\t<\/div>\n\t\t\t\t<\/div>\n\t\t\t\t<div data-elementor-type=\"loop-item\" data-elementor-id=\"1326\" class=\"elementor elementor-1326 e-loop-item e-loop-item-3090 post-3090 news type-news status-publish hentry\" data-elementor-post-type=\"elementor_library\" data-custom-edit-handle=\"1\">\n\t\t\t<div class=\"elementor-element elementor-element-a00809b e-con-full e-flex e-con e-child\" data-id=\"a00809b\" data-element_type=\"container\">\n\t\t\t\t<div class=\"elementor-element elementor-element-1d7bbbb elementor-widget elementor-widget-heading\" data-id=\"1d7bbbb\" data-element_type=\"widget\" data-widget_type=\"heading.default\">\n\t\t\t\t\t<h4 class=\"elementor-heading-title elementor-size-default\">April 2020<\/h4>\t\t\t\t<\/div>\n\t\t\t\t<div class=\"elementor-element elementor-element-806526f elementor-widget elementor-widget-text-editor\" data-id=\"806526f\" data-element_type=\"widget\" data-widget_type=\"text-editor.default\">\n\t\t\t\t\t\t\t\t\t<p>Dr. Andr\u00e9 Terlinden ber\u00e4t verschiedene Parteien im Zusammenhang mit dem Kauf und Verkauf von medizinischer Schutzausr\u00fcstung (Masken, Handschuhe) und erm\u00f6glicht Escrow L\u00f6sungen f\u00fcr gesicherte Transaktionen.<\/p>\n<p>Dr. Timo Fenner vertritt erfolgreich einen Klienten im Rahmen der Abwicklung eines Nachlasses.<\/p>\n<p>Dr. Timo Fenner vertritt erfolgreich einen Klienten im Rahmen der Beilegung einer immobilienrechtlichen Auseinandersetzung.<\/p>\n\t\t\t\t\t\t\t\t<\/div>\n\t\t\t\t<div class=\"elementor-element elementor-element-4301c87 elementor-widget elementor-widget-shortcode\" data-id=\"4301c87\" data-element_type=\"widget\" data-widget_type=\"shortcode.default\">\n\t\t\t\t\t\t\t<div class=\"elementor-shortcode\"><\/div>\n\t\t\t\t\t\t<\/div>\n\t\t\t\t<\/div>\n\t\t\t\t<\/div>\n\t\t\t\t<div data-elementor-type=\"loop-item\" data-elementor-id=\"1326\" class=\"elementor elementor-1326 e-loop-item e-loop-item-3089 post-3089 news type-news status-publish hentry\" data-elementor-post-type=\"elementor_library\" data-custom-edit-handle=\"1\">\n\t\t\t<div class=\"elementor-element elementor-element-a00809b e-con-full e-flex e-con e-child\" data-id=\"a00809b\" data-element_type=\"container\">\n\t\t\t\t<div class=\"elementor-element elementor-element-1d7bbbb elementor-widget elementor-widget-heading\" data-id=\"1d7bbbb\" data-element_type=\"widget\" data-widget_type=\"heading.default\">\n\t\t\t\t\t<h4 class=\"elementor-heading-title elementor-size-default\">M\u00e4rz 2020<\/h4>\t\t\t\t<\/div>\n\t\t\t\t<div class=\"elementor-element elementor-element-806526f elementor-widget elementor-widget-text-editor\" data-id=\"806526f\" data-element_type=\"widget\" data-widget_type=\"text-editor.default\">\n\t\t\t\t\t\t\t\t\t<p>Dr. Andr\u00e9 Terlinden ber\u00e4t verschiedene Klienten bei der Abwicklung und Durchf\u00fchrung von Private Equity Investitionen in den USA.<\/p>\n\t\t\t\t\t\t\t\t<\/div>\n\t\t\t\t<div class=\"elementor-element elementor-element-4301c87 elementor-widget elementor-widget-shortcode\" data-id=\"4301c87\" data-element_type=\"widget\" data-widget_type=\"shortcode.default\">\n\t\t\t\t\t\t\t<div class=\"elementor-shortcode\"><\/div>\n\t\t\t\t\t\t<\/div>\n\t\t\t\t<\/div>\n\t\t\t\t<\/div>\n\t\t\t\t<div data-elementor-type=\"loop-item\" data-elementor-id=\"1326\" class=\"elementor elementor-1326 e-loop-item e-loop-item-3088 post-3088 news type-news status-publish hentry\" data-elementor-post-type=\"elementor_library\" data-custom-edit-handle=\"1\">\n\t\t\t<div class=\"elementor-element elementor-element-a00809b e-con-full e-flex e-con e-child\" data-id=\"a00809b\" data-element_type=\"container\">\n\t\t\t\t<div class=\"elementor-element elementor-element-1d7bbbb elementor-widget elementor-widget-heading\" data-id=\"1d7bbbb\" data-element_type=\"widget\" data-widget_type=\"heading.default\">\n\t\t\t\t\t<h4 class=\"elementor-heading-title elementor-size-default\">Februar 2020<\/h4>\t\t\t\t<\/div>\n\t\t\t\t<div class=\"elementor-element elementor-element-806526f elementor-widget elementor-widget-text-editor\" data-id=\"806526f\" data-element_type=\"widget\" data-widget_type=\"text-editor.default\">\n\t\t\t\t\t\t\t\t\t<p>Dr. Andr\u00e9 Terlinden ist verantwortlich f\u00fcr die Aufsetzung eines ausl\u00e4ndischen Asset Managers und zur Koordination der Emission eines strukturierten Produkts durch einen Schweizer Finanzdienstleister. Weiter koordiniert Dr. Andr\u00e9 Terlinden die Local Counsels zum Erwerb einer Beteiligung an der Zielgesellschaft.<\/p>\n<p>Dr. Timo Fenner vertritt erfolgreich und ber\u00e4t seine Klienten im Zusammenhang mit Fragestellungen aus dem Bau- und Mietrecht.<\/p>\n\t\t\t\t\t\t\t\t<\/div>\n\t\t\t\t<div class=\"elementor-element elementor-element-4301c87 elementor-widget elementor-widget-shortcode\" data-id=\"4301c87\" data-element_type=\"widget\" data-widget_type=\"shortcode.default\">\n\t\t\t\t\t\t\t<div class=\"elementor-shortcode\"><\/div>\n\t\t\t\t\t\t<\/div>\n\t\t\t\t<\/div>\n\t\t\t\t<\/div>\n\t\t\t\t<div data-elementor-type=\"loop-item\" data-elementor-id=\"1326\" class=\"elementor elementor-1326 e-loop-item e-loop-item-3087 post-3087 news type-news status-publish hentry\" data-elementor-post-type=\"elementor_library\" data-custom-edit-handle=\"1\">\n\t\t\t<div class=\"elementor-element elementor-element-a00809b e-con-full e-flex e-con e-child\" data-id=\"a00809b\" data-element_type=\"container\">\n\t\t\t\t<div class=\"elementor-element elementor-element-1d7bbbb elementor-widget elementor-widget-heading\" data-id=\"1d7bbbb\" data-element_type=\"widget\" data-widget_type=\"heading.default\">\n\t\t\t\t\t<h4 class=\"elementor-heading-title elementor-size-default\">Januar 2020<\/h4>\t\t\t\t<\/div>\n\t\t\t\t<div class=\"elementor-element elementor-element-806526f elementor-widget elementor-widget-text-editor\" data-id=\"806526f\" data-element_type=\"widget\" data-widget_type=\"text-editor.default\">\n\t\t\t\t\t\t\t\t\t<p>Dr. Andr\u00e9 Terlinden verteidigt erfolgreich ein Verwaltungsratsmitglied vor Bundesverwaltungsgericht im Rahmen eines FINMA-Enforcementverfahrens.<\/p>\n<p>Bereits im Verfahren vor der FINMA konnte eine Einstellungsverf\u00fcgung erwirkt werden. Mit der rechtskr\u00e4ftigen Beschwerde vor das Bundesverwaltungsgericht ist die Kostenverteilung der FINMA korrigiert worden. Die urspr\u00fcnglichen Untersuchungskosten von \u00fcber CHF 50&#8217;000.\u2013 wurden auf einen symbolischen Betrag reduziert. Die FINMA hat dem Beschwerdef\u00fchrer eine Parteientsch\u00e4digung zu entrichten.<\/p>\n\t\t\t\t\t\t\t\t<\/div>\n\t\t\t\t<div class=\"elementor-element elementor-element-4301c87 elementor-widget elementor-widget-shortcode\" data-id=\"4301c87\" data-element_type=\"widget\" data-widget_type=\"shortcode.default\">\n\t\t\t\t\t\t\t<div class=\"elementor-shortcode\">        <a href=\"https:\/\/jurispub.admin.ch\/publiws\/download?decisionId=658d02ea-9433-41d4-8266-5930114aa0dc\" target=\"_blank\">Urteil des Bundesverwaltungsgerichts vom 17. Dezember 2019<\/a>\n    <\/div>\n\t\t\t\t\t\t<\/div>\n\t\t\t\t<\/div>\n\t\t\t\t<\/div>\n\t\t\t\t<div data-elementor-type=\"loop-item\" data-elementor-id=\"1326\" class=\"elementor elementor-1326 e-loop-item e-loop-item-3086 post-3086 news type-news status-publish hentry\" data-elementor-post-type=\"elementor_library\" data-custom-edit-handle=\"1\">\n\t\t\t<div class=\"elementor-element elementor-element-a00809b e-con-full e-flex e-con e-child\" data-id=\"a00809b\" data-element_type=\"container\">\n\t\t\t\t<div class=\"elementor-element elementor-element-1d7bbbb elementor-widget elementor-widget-heading\" data-id=\"1d7bbbb\" data-element_type=\"widget\" data-widget_type=\"heading.default\">\n\t\t\t\t\t<h4 class=\"elementor-heading-title elementor-size-default\">Dezember 2019<\/h4>\t\t\t\t<\/div>\n\t\t\t\t<div class=\"elementor-element elementor-element-806526f elementor-widget elementor-widget-text-editor\" data-id=\"806526f\" data-element_type=\"widget\" data-widget_type=\"text-editor.default\">\n\t\t\t\t\t\t\t\t\t<p>Dr. Andr\u00e9 Terlinden ber\u00e4t Klienten bei der Akquisition von privatplatzierten Anleihen im Betrag von EUR 25&#8217;000&#8217;000 zus\u00e4tzlich zu einer pfandvertraglichen Absicherung der Finanzierung.<\/p>\n<p>Dr. Timo Fenner vertritt und ber\u00e4t seine Klienten im Zusammenhang mit Fragestellungen aus dem Bau- und Nachbarrecht.<\/p>\n\t\t\t\t\t\t\t\t<\/div>\n\t\t\t\t<div class=\"elementor-element elementor-element-4301c87 elementor-widget elementor-widget-shortcode\" data-id=\"4301c87\" data-element_type=\"widget\" data-widget_type=\"shortcode.default\">\n\t\t\t\t\t\t\t<div class=\"elementor-shortcode\"><\/div>\n\t\t\t\t\t\t<\/div>\n\t\t\t\t<\/div>\n\t\t\t\t<\/div>\n\t\t\t\t<div data-elementor-type=\"loop-item\" data-elementor-id=\"1326\" class=\"elementor elementor-1326 e-loop-item e-loop-item-3085 post-3085 news type-news status-publish hentry\" data-elementor-post-type=\"elementor_library\" data-custom-edit-handle=\"1\">\n\t\t\t<div class=\"elementor-element elementor-element-a00809b e-con-full e-flex e-con e-child\" data-id=\"a00809b\" data-element_type=\"container\">\n\t\t\t\t<div class=\"elementor-element elementor-element-1d7bbbb elementor-widget elementor-widget-heading\" data-id=\"1d7bbbb\" data-element_type=\"widget\" data-widget_type=\"heading.default\">\n\t\t\t\t\t<h4 class=\"elementor-heading-title elementor-size-default\">19. November 2019<\/h4>\t\t\t\t<\/div>\n\t\t\t\t<div class=\"elementor-element elementor-element-806526f elementor-widget elementor-widget-text-editor\" data-id=\"806526f\" data-element_type=\"widget\" data-widget_type=\"text-editor.default\">\n\t\t\t\t\t\t\t\t\t<p>Dr. Timo Fenner wird in den Vorstand der Hermann Hildebrandt-Stiftung, Mainz, gew\u00e4hlt. Neben seiner T\u00e4tigkeit als Stiftungsrat und Qu\u00e4stor der Stiftung Schweizer Jugend-Sinfonie-Orchester (SJSO) unterstreicht Dr. Fenner hiermit sein Interesse an philanthropischer T\u00e4tigkeit im Bereich der Musik und Kunst sowie der damit zusammenh\u00e4ngenden, juristischen Fragestellungen.<\/p>\n<p>NEUPERT VUILLE PARTNERS verf\u00fcgt \u00fcber langj\u00e4hrige und vielf\u00e4ltige Erfahrung auf dem Gebiet der T\u00e4tigkeit von Stiftungen sowie insbesondere im Bereiche der Kunst und der damit verbundenen, rechtlichen Begleitung aller Art.<\/p>\n\t\t\t\t\t\t\t\t<\/div>\n\t\t\t\t<div class=\"elementor-element elementor-element-4301c87 elementor-widget elementor-widget-shortcode\" data-id=\"4301c87\" data-element_type=\"widget\" data-widget_type=\"shortcode.default\">\n\t\t\t\t\t\t\t<div class=\"elementor-shortcode\"><\/div>\n\t\t\t\t\t\t<\/div>\n\t\t\t\t<\/div>\n\t\t\t\t<\/div>\n\t\t\t\t<div data-elementor-type=\"loop-item\" data-elementor-id=\"1326\" class=\"elementor elementor-1326 e-loop-item e-loop-item-3084 post-3084 news type-news status-publish hentry\" data-elementor-post-type=\"elementor_library\" data-custom-edit-handle=\"1\">\n\t\t\t<div class=\"elementor-element elementor-element-a00809b e-con-full e-flex e-con e-child\" data-id=\"a00809b\" data-element_type=\"container\">\n\t\t\t\t<div class=\"elementor-element elementor-element-1d7bbbb elementor-widget elementor-widget-heading\" data-id=\"1d7bbbb\" data-element_type=\"widget\" data-widget_type=\"heading.default\">\n\t\t\t\t\t<h4 class=\"elementor-heading-title elementor-size-default\">16. Oktober 2019<\/h4>\t\t\t\t<\/div>\n\t\t\t\t<div class=\"elementor-element elementor-element-806526f elementor-widget elementor-widget-text-editor\" data-id=\"806526f\" data-element_type=\"widget\" data-widget_type=\"text-editor.default\">\n\t\t\t\t\t\t\t\t\t<p>Dr. Andr\u00e9 Terlinden wird in einem Artikel von Social Vignerons \u00fcber die Fintech-Plattform Alti Wine Exchange zitiert (<a href=\"http:\/\/socialvignerons.com\/2019\/10\/16\/tom-dorsey-tells-us-about-wine-investment-and-the-alti-wine-exchange\/\" target=\"_blank\" rel=\"noopener\">http:\/\/socialvignerons.com\/2019\/10\/16\/tom-dorsey-tells-us-about-wine-investment-and-the-alti-wine-exchange\/<\/a>). Alti Wine Exchange ist eine blockchain basierte Onlineb\u00f6rse f\u00fcr Wein-Investments, \u00fcber die exklusive und seltene Weine tokenisiert (asset backed tokens) und gehandelt werden. Erstmals k\u00f6nnen Investoren ohne den aufwendigen Austausch der physischen Weinflaschen in diese Anlagekategorie investieren. Dr. Andr\u00e9 Terlinden ber\u00e4t Alti Wine Exchange bez\u00fcglich juristischer und regulatorischer Fragestellungen insbesondere betreffend die Herausgabe und den Handel mit Krypto-Assets und Fragen bez\u00fcglich beh\u00f6rdlicher Bewilligungen.<\/p>\n\t\t\t\t\t\t\t\t<\/div>\n\t\t\t\t<div class=\"elementor-element elementor-element-4301c87 elementor-widget elementor-widget-shortcode\" data-id=\"4301c87\" data-element_type=\"widget\" data-widget_type=\"shortcode.default\">\n\t\t\t\t\t\t\t<div class=\"elementor-shortcode\"><\/div>\n\t\t\t\t\t\t<\/div>\n\t\t\t\t<\/div>\n\t\t\t\t<\/div>\n\t\t\t\t<div data-elementor-type=\"loop-item\" data-elementor-id=\"1326\" class=\"elementor elementor-1326 e-loop-item e-loop-item-3083 post-3083 news type-news status-publish hentry\" data-elementor-post-type=\"elementor_library\" data-custom-edit-handle=\"1\">\n\t\t\t<div class=\"elementor-element elementor-element-a00809b e-con-full e-flex e-con e-child\" data-id=\"a00809b\" data-element_type=\"container\">\n\t\t\t\t<div class=\"elementor-element elementor-element-1d7bbbb elementor-widget elementor-widget-heading\" data-id=\"1d7bbbb\" data-element_type=\"widget\" data-widget_type=\"heading.default\">\n\t\t\t\t\t<h4 class=\"elementor-heading-title elementor-size-default\">August 2019<\/h4>\t\t\t\t<\/div>\n\t\t\t\t<div class=\"elementor-element elementor-element-806526f elementor-widget elementor-widget-text-editor\" data-id=\"806526f\" data-element_type=\"widget\" data-widget_type=\"text-editor.default\">\n\t\t\t\t\t\t\t\t\t<p>Dr. Timo Fenner vertritt erfolgreich die Interessen seiner Klienten in verschiedenen Verfahren auf dem Gebiet des Schuldbetreibungs- und Konkursrechts, insbesondere im Rahmen der Verarrestierung von Verm\u00f6genswerten.<\/p>\n\t\t\t\t\t\t\t\t<\/div>\n\t\t\t\t<div class=\"elementor-element elementor-element-4301c87 elementor-widget elementor-widget-shortcode\" data-id=\"4301c87\" data-element_type=\"widget\" data-widget_type=\"shortcode.default\">\n\t\t\t\t\t\t\t<div class=\"elementor-shortcode\"><\/div>\n\t\t\t\t\t\t<\/div>\n\t\t\t\t<\/div>\n\t\t\t\t<\/div>\n\t\t\t\t<div data-elementor-type=\"loop-item\" data-elementor-id=\"1326\" class=\"elementor elementor-1326 e-loop-item e-loop-item-3082 post-3082 news type-news status-publish hentry\" data-elementor-post-type=\"elementor_library\" data-custom-edit-handle=\"1\">\n\t\t\t<div class=\"elementor-element elementor-element-a00809b e-con-full e-flex e-con e-child\" data-id=\"a00809b\" data-element_type=\"container\">\n\t\t\t\t<div class=\"elementor-element elementor-element-1d7bbbb elementor-widget elementor-widget-heading\" data-id=\"1d7bbbb\" data-element_type=\"widget\" data-widget_type=\"heading.default\">\n\t\t\t\t\t<h4 class=\"elementor-heading-title elementor-size-default\">Juli 2019<\/h4>\t\t\t\t<\/div>\n\t\t\t\t<div class=\"elementor-element elementor-element-806526f elementor-widget elementor-widget-text-editor\" data-id=\"806526f\" data-element_type=\"widget\" data-widget_type=\"text-editor.default\">\n\t\t\t\t\t\t\t\t\t<p>Dr. Timo Fenner vertritt erfolgreich die Interessen seiner Klientschaft im Rahmen einer mietrechtlichen Auseinandersetzung.<\/p>\n<p>Dr. Timo Fenner vertritt erfolgreich die Interessen seiner Klienten im Bereich des Schuldbetreibungs- und Konkursrechts.<\/p>\n\t\t\t\t\t\t\t\t<\/div>\n\t\t\t\t<div class=\"elementor-element elementor-element-4301c87 elementor-widget elementor-widget-shortcode\" data-id=\"4301c87\" data-element_type=\"widget\" data-widget_type=\"shortcode.default\">\n\t\t\t\t\t\t\t<div class=\"elementor-shortcode\"><\/div>\n\t\t\t\t\t\t<\/div>\n\t\t\t\t<\/div>\n\t\t\t\t<\/div>\n\t\t\t\t<div data-elementor-type=\"loop-item\" data-elementor-id=\"1326\" class=\"elementor elementor-1326 e-loop-item e-loop-item-3081 post-3081 news type-news status-publish hentry\" data-elementor-post-type=\"elementor_library\" data-custom-edit-handle=\"1\">\n\t\t\t<div class=\"elementor-element elementor-element-a00809b e-con-full e-flex e-con e-child\" data-id=\"a00809b\" data-element_type=\"container\">\n\t\t\t\t<div class=\"elementor-element elementor-element-1d7bbbb elementor-widget elementor-widget-heading\" data-id=\"1d7bbbb\" data-element_type=\"widget\" data-widget_type=\"heading.default\">\n\t\t\t\t\t<h4 class=\"elementor-heading-title elementor-size-default\">23. Juni 2019<\/h4>\t\t\t\t<\/div>\n\t\t\t\t<div class=\"elementor-element elementor-element-806526f elementor-widget elementor-widget-text-editor\" data-id=\"806526f\" data-element_type=\"widget\" data-widget_type=\"text-editor.default\">\n\t\t\t\t\t\t\t\t\t<p>Dr. Timo Fenner \u00e4ussert sich in der NZZ am Sonntag zu m\u00f6glichen Verfahrensfehlern der Bundesanwaltschaft im Zusammenhang mit den internationalen Rechtshilfeverfahren im Petrobas-Verfahrenskomplex.<\/p>\n\t\t\t\t\t\t\t\t<\/div>\n\t\t\t\t<div class=\"elementor-element elementor-element-4301c87 elementor-widget elementor-widget-shortcode\" data-id=\"4301c87\" data-element_type=\"widget\" data-widget_type=\"shortcode.default\">\n\t\t\t\t\t\t\t<div class=\"elementor-shortcode\"><\/div>\n\t\t\t\t\t\t<\/div>\n\t\t\t\t<\/div>\n\t\t\t\t<\/div>\n\t\t\t\t<div data-elementor-type=\"loop-item\" data-elementor-id=\"1326\" class=\"elementor elementor-1326 e-loop-item e-loop-item-3078 post-3078 news type-news status-publish hentry\" data-elementor-post-type=\"elementor_library\" data-custom-edit-handle=\"1\">\n\t\t\t<div class=\"elementor-element elementor-element-a00809b e-con-full e-flex e-con e-child\" data-id=\"a00809b\" data-element_type=\"container\">\n\t\t\t\t<div class=\"elementor-element elementor-element-1d7bbbb elementor-widget elementor-widget-heading\" data-id=\"1d7bbbb\" data-element_type=\"widget\" data-widget_type=\"heading.default\">\n\t\t\t\t\t<h4 class=\"elementor-heading-title elementor-size-default\">Mai 2019<\/h4>\t\t\t\t<\/div>\n\t\t\t\t<div class=\"elementor-element elementor-element-806526f elementor-widget elementor-widget-text-editor\" data-id=\"806526f\" data-element_type=\"widget\" data-widget_type=\"text-editor.default\">\n\t\t\t\t\t\t\t\t\t<p>Dr. Timo Fenner vertritt erfolgreich die Interessen seiner Klienten in verschiedenen Verfahren auf dem Gebiet des Schuldbetreibungs- und Konkursrechts, sowohl in der Durchsetzung wie in der Abwehr von Forderungen.<\/p>\n\t\t\t\t\t\t\t\t<\/div>\n\t\t\t\t<div class=\"elementor-element elementor-element-4301c87 elementor-widget elementor-widget-shortcode\" data-id=\"4301c87\" data-element_type=\"widget\" data-widget_type=\"shortcode.default\">\n\t\t\t\t\t\t\t<div class=\"elementor-shortcode\"><\/div>\n\t\t\t\t\t\t<\/div>\n\t\t\t\t<\/div>\n\t\t\t\t<\/div>\n\t\t\t\t<div data-elementor-type=\"loop-item\" data-elementor-id=\"1326\" class=\"elementor elementor-1326 e-loop-item e-loop-item-3077 post-3077 news type-news status-publish hentry\" data-elementor-post-type=\"elementor_library\" data-custom-edit-handle=\"1\">\n\t\t\t<div class=\"elementor-element elementor-element-a00809b e-con-full e-flex e-con e-child\" data-id=\"a00809b\" data-element_type=\"container\">\n\t\t\t\t<div class=\"elementor-element elementor-element-1d7bbbb elementor-widget elementor-widget-heading\" data-id=\"1d7bbbb\" data-element_type=\"widget\" data-widget_type=\"heading.default\">\n\t\t\t\t\t<h4 class=\"elementor-heading-title elementor-size-default\">2. April 2019<\/h4>\t\t\t\t<\/div>\n\t\t\t\t<div class=\"elementor-element elementor-element-806526f elementor-widget elementor-widget-text-editor\" data-id=\"806526f\" data-element_type=\"widget\" data-widget_type=\"text-editor.default\">\n\t\t\t\t\t\t\t\t\t<p>Dr. Timo Fenner \u00e4ussert sich im Z\u00fcrcher Oberl\u00e4nder im Interview zu planungs- und baurechtlichen Fragestellungen sowie Fragen des Denkmalschutzes in Bezug auf den Neubau eines Museums.<\/p>\n\t\t\t\t\t\t\t\t<\/div>\n\t\t\t\t<div class=\"elementor-element elementor-element-4301c87 elementor-widget elementor-widget-shortcode\" data-id=\"4301c87\" data-element_type=\"widget\" data-widget_type=\"shortcode.default\">\n\t\t\t\t\t\t\t<div class=\"elementor-shortcode\"><\/div>\n\t\t\t\t\t\t<\/div>\n\t\t\t\t<\/div>\n\t\t\t\t<\/div>\n\t\t\t\t<div data-elementor-type=\"loop-item\" data-elementor-id=\"1326\" class=\"elementor elementor-1326 e-loop-item e-loop-item-1325 post-1325 news type-news status-publish hentry\" data-elementor-post-type=\"elementor_library\" data-custom-edit-handle=\"1\">\n\t\t\t<div class=\"elementor-element elementor-element-a00809b e-con-full e-flex e-con e-child\" data-id=\"a00809b\" data-element_type=\"container\">\n\t\t\t\t<div class=\"elementor-element elementor-element-1d7bbbb elementor-widget elementor-widget-heading\" data-id=\"1d7bbbb\" data-element_type=\"widget\" data-widget_type=\"heading.default\">\n\t\t\t\t\t<h4 class=\"elementor-heading-title elementor-size-default\">24. Januar 2019<\/h4>\t\t\t\t<\/div>\n\t\t\t\t<div class=\"elementor-element elementor-element-806526f elementor-widget elementor-widget-text-editor\" data-id=\"806526f\" data-element_type=\"widget\" data-widget_type=\"text-editor.default\">\n\t\t\t\t\t\t\t\t\t<p>Dr. Andr\u00e9 Terlinden publiziert zu Art. 36 FINMAG (der Untersuchungsbeauftragte) im neu erschienenen Basler Kommentar zum FINMAG\/FinfraG.<\/p>\n\t\t\t\t\t\t\t\t<\/div>\n\t\t\t\t<div class=\"elementor-element elementor-element-4301c87 elementor-widget elementor-widget-shortcode\" data-id=\"4301c87\" data-element_type=\"widget\" data-widget_type=\"shortcode.default\">\n\t\t\t\t\t\t\t<div class=\"elementor-shortcode\"><\/div>\n\t\t\t\t\t\t<\/div>\n\t\t\t\t<\/div>\n\t\t\t\t<\/div>\n\t\t\t\t<div data-elementor-type=\"loop-item\" data-elementor-id=\"1326\" class=\"elementor elementor-1326 e-loop-item e-loop-item-1322 post-1322 news type-news status-publish hentry\" data-elementor-post-type=\"elementor_library\" data-custom-edit-handle=\"1\">\n\t\t\t<div class=\"elementor-element elementor-element-a00809b e-con-full e-flex e-con e-child\" data-id=\"a00809b\" data-element_type=\"container\">\n\t\t\t\t<div class=\"elementor-element elementor-element-1d7bbbb elementor-widget elementor-widget-heading\" data-id=\"1d7bbbb\" data-element_type=\"widget\" data-widget_type=\"heading.default\">\n\t\t\t\t\t<h4 class=\"elementor-heading-title elementor-size-default\">5. Januar 2019<\/h4>\t\t\t\t<\/div>\n\t\t\t\t<div class=\"elementor-element elementor-element-806526f elementor-widget elementor-widget-text-editor\" data-id=\"806526f\" data-element_type=\"widget\" data-widget_type=\"text-editor.default\">\n\t\t\t\t\t\t\t\t\t<p>Dr. Andr\u00e9 Terlinden wird als Escrow-Agent in einer internationalen Flugzeug-Transaktion mandatiert.<\/p>\n\t\t\t\t\t\t\t\t<\/div>\n\t\t\t\t<div class=\"elementor-element elementor-element-4301c87 elementor-widget elementor-widget-shortcode\" data-id=\"4301c87\" data-element_type=\"widget\" data-widget_type=\"shortcode.default\">\n\t\t\t\t\t\t\t<div class=\"elementor-shortcode\">        <a href=\"https:\/\/www.luzernerzeitung.ch\/zentralschweiz\/zug\/finma-greift-bei-mutmasslicher-betrugerfirma-ein-ld.1084478\" target=\"_blank\">Zum Artikel<\/a>\n    <\/div>\n\t\t\t\t\t\t<\/div>\n\t\t\t\t<\/div>\n\t\t\t\t<\/div>\n\t\t\t\t<div data-elementor-type=\"loop-item\" data-elementor-id=\"1326\" class=\"elementor elementor-1326 e-loop-item e-loop-item-1321 post-1321 news type-news status-publish hentry\" data-elementor-post-type=\"elementor_library\" data-custom-edit-handle=\"1\">\n\t\t\t<div class=\"elementor-element elementor-element-a00809b e-con-full e-flex e-con e-child\" data-id=\"a00809b\" data-element_type=\"container\">\n\t\t\t\t<div class=\"elementor-element elementor-element-1d7bbbb elementor-widget elementor-widget-heading\" data-id=\"1d7bbbb\" data-element_type=\"widget\" data-widget_type=\"heading.default\">\n\t\t\t\t\t<h4 class=\"elementor-heading-title elementor-size-default\">Oktober 2018<\/h4>\t\t\t\t<\/div>\n\t\t\t\t<div class=\"elementor-element elementor-element-806526f elementor-widget elementor-widget-text-editor\" data-id=\"806526f\" data-element_type=\"widget\" data-widget_type=\"text-editor.default\">\n\t\t\t\t\t\t\t\t\t<p>NEUPERT VUILLE PARTNERS gr\u00fcndet die Swiss Branch f\u00fcr die schweizerischen Aktivit\u00e4ten eines grossen, ausl\u00e4ndischen multinationalen Pharmaunternehmens.<\/p>\n\t\t\t\t\t\t\t\t<\/div>\n\t\t\t\t<div class=\"elementor-element elementor-element-4301c87 elementor-widget elementor-widget-shortcode\" data-id=\"4301c87\" data-element_type=\"widget\" data-widget_type=\"shortcode.default\">\n\t\t\t\t\t\t\t<div class=\"elementor-shortcode\"><\/div>\n\t\t\t\t\t\t<\/div>\n\t\t\t\t<\/div>\n\t\t\t\t<\/div>\n\t\t\t\t<div data-elementor-type=\"loop-item\" data-elementor-id=\"1326\" class=\"elementor elementor-1326 e-loop-item e-loop-item-1320 post-1320 news type-news status-publish hentry\" data-elementor-post-type=\"elementor_library\" data-custom-edit-handle=\"1\">\n\t\t\t<div class=\"elementor-element elementor-element-a00809b e-con-full e-flex e-con e-child\" data-id=\"a00809b\" data-element_type=\"container\">\n\t\t\t\t<div class=\"elementor-element elementor-element-1d7bbbb elementor-widget elementor-widget-heading\" data-id=\"1d7bbbb\" data-element_type=\"widget\" data-widget_type=\"heading.default\">\n\t\t\t\t\t<h4 class=\"elementor-heading-title elementor-size-default\">Februar 2018<\/h4>\t\t\t\t<\/div>\n\t\t\t\t<div class=\"elementor-element elementor-element-806526f elementor-widget elementor-widget-text-editor\" data-id=\"806526f\" data-element_type=\"widget\" data-widget_type=\"text-editor.default\">\n\t\t\t\t\t\t\t\t\t<p>NEUPERT VUILLE PARTNERS unterst\u00fctzt verschiedene Investitionsvorhaben im Rahmen von pre-ICOs.<\/p>\n\t\t\t\t\t\t\t\t<\/div>\n\t\t\t\t<div class=\"elementor-element elementor-element-4301c87 elementor-widget elementor-widget-shortcode\" data-id=\"4301c87\" data-element_type=\"widget\" data-widget_type=\"shortcode.default\">\n\t\t\t\t\t\t\t<div class=\"elementor-shortcode\"><\/div>\n\t\t\t\t\t\t<\/div>\n\t\t\t\t<\/div>\n\t\t\t\t<\/div>\n\t\t\t\t<div data-elementor-type=\"loop-item\" data-elementor-id=\"1326\" class=\"elementor elementor-1326 e-loop-item e-loop-item-1319 post-1319 news type-news status-publish hentry\" data-elementor-post-type=\"elementor_library\" data-custom-edit-handle=\"1\">\n\t\t\t<div class=\"elementor-element elementor-element-a00809b e-con-full e-flex e-con e-child\" data-id=\"a00809b\" data-element_type=\"container\">\n\t\t\t\t<div class=\"elementor-element elementor-element-1d7bbbb elementor-widget elementor-widget-heading\" data-id=\"1d7bbbb\" data-element_type=\"widget\" data-widget_type=\"heading.default\">\n\t\t\t\t\t<h4 class=\"elementor-heading-title elementor-size-default\">August 2017<\/h4>\t\t\t\t<\/div>\n\t\t\t\t<div class=\"elementor-element elementor-element-806526f elementor-widget elementor-widget-text-editor\" data-id=\"806526f\" data-element_type=\"widget\" data-widget_type=\"text-editor.default\">\n\t\t\t\t\t\t\t\t\t<p>NEUPERT VUILLE PARTNERS vertritt erfolgreich die Interessen eines Verwaltungsrats gegen\u00fcber der Finanzmarktaufsicht (FINMA) vor dem Bundesverwaltungsgericht und erwirkt die Einstellung eines Unterstellungsverfahrens.<\/p>\n\t\t\t\t\t\t\t\t<\/div>\n\t\t\t\t<div class=\"elementor-element elementor-element-4301c87 elementor-widget elementor-widget-shortcode\" data-id=\"4301c87\" data-element_type=\"widget\" data-widget_type=\"shortcode.default\">\n\t\t\t\t\t\t\t<div class=\"elementor-shortcode\"><\/div>\n\t\t\t\t\t\t<\/div>\n\t\t\t\t<\/div>\n\t\t\t\t<\/div>\n\t\t\t\t<div data-elementor-type=\"loop-item\" data-elementor-id=\"1326\" class=\"elementor elementor-1326 e-loop-item e-loop-item-1318 post-1318 news type-news status-publish hentry\" data-elementor-post-type=\"elementor_library\" data-custom-edit-handle=\"1\">\n\t\t\t<div class=\"elementor-element elementor-element-a00809b e-con-full e-flex e-con e-child\" data-id=\"a00809b\" data-element_type=\"container\">\n\t\t\t\t<div class=\"elementor-element elementor-element-1d7bbbb elementor-widget elementor-widget-heading\" data-id=\"1d7bbbb\" data-element_type=\"widget\" data-widget_type=\"heading.default\">\n\t\t\t\t\t<h4 class=\"elementor-heading-title elementor-size-default\">Februar 2017<\/h4>\t\t\t\t<\/div>\n\t\t\t\t<div class=\"elementor-element elementor-element-806526f elementor-widget elementor-widget-text-editor\" data-id=\"806526f\" data-element_type=\"widget\" data-widget_type=\"text-editor.default\">\n\t\t\t\t\t\t\t\t\t<p>NEUPERT VUILLE PARTNERS vertritt erfolgreich mehrere Bankkunden gegen eine Grossbank, deren Verm\u00f6genswerte durch die Bank ungerechtfertigterweise blockiert worden sind. Nach einem Vergleich vor dem Handelsgericht Z\u00fcrich erfolgte die Herausgabe der Gelder.<\/p>\n\t\t\t\t\t\t\t\t<\/div>\n\t\t\t\t<div class=\"elementor-element elementor-element-4301c87 elementor-widget elementor-widget-shortcode\" data-id=\"4301c87\" data-element_type=\"widget\" data-widget_type=\"shortcode.default\">\n\t\t\t\t\t\t\t<div class=\"elementor-shortcode\"><\/div>\n\t\t\t\t\t\t<\/div>\n\t\t\t\t<\/div>\n\t\t\t\t<\/div>\n\t\t\t\t<div data-elementor-type=\"loop-item\" data-elementor-id=\"1326\" class=\"elementor elementor-1326 e-loop-item e-loop-item-1314 post-1314 news type-news status-publish hentry\" data-elementor-post-type=\"elementor_library\" data-custom-edit-handle=\"1\">\n\t\t\t<div class=\"elementor-element elementor-element-a00809b e-con-full e-flex e-con e-child\" data-id=\"a00809b\" data-element_type=\"container\">\n\t\t\t\t<div class=\"elementor-element elementor-element-1d7bbbb elementor-widget elementor-widget-heading\" data-id=\"1d7bbbb\" data-element_type=\"widget\" data-widget_type=\"heading.default\">\n\t\t\t\t\t<h4 class=\"elementor-heading-title elementor-size-default\">Januar 2017<\/h4>\t\t\t\t<\/div>\n\t\t\t\t<div class=\"elementor-element elementor-element-806526f elementor-widget elementor-widget-text-editor\" data-id=\"806526f\" data-element_type=\"widget\" data-widget_type=\"text-editor.default\">\n\t\t\t\t\t\t\t\t\t<p>Der Stiftungsrat der Professor Walther Hug Stiftung verleiht Dr. Timo Fenner den Professor Walther Hug Preis in Anerkennung seiner Dissertation, die als eine der besten juristischen Dissertationen im Studienjahr 2014\/2015 an einer schweizerischen Universit\u00e4t mit der h\u00f6chsten Bewertung abgenommen worden ist.<\/p>\n\t\t\t\t\t\t\t\t<\/div>\n\t\t\t\t<div class=\"elementor-element elementor-element-4301c87 elementor-widget elementor-widget-shortcode\" data-id=\"4301c87\" data-element_type=\"widget\" data-widget_type=\"shortcode.default\">\n\t\t\t\t\t\t\t<div class=\"elementor-shortcode\"><\/div>\n\t\t\t\t\t\t<\/div>\n\t\t\t\t<\/div>\n\t\t\t\t<\/div>\n\t\t\t\t<\/div>\n\t\t\n\t\t\t\t\t\t<\/div>\n\t\t\t\t<\/div>\n\t\t\t\t<\/div>\n\t\t\t\t\t<\/div>\n\t\t\t\t<\/div>\n\t\t\t\t<\/div>\n\t\t","protected":false},"excerpt":{"rendered":"<p>Aktuelles Recht, Wirtschaft, Entwicklungen. Aktuelle Beitr\u00e4ge und Mitteilungen von Neupert Vuille Partners \u2013 Z\u00fcrich.<\/p>\n","protected":false},"author":1,"featured_media":0,"parent":0,"menu_order":0,"comment_status":"closed","ping_status":"closed","template":"","meta":{"_acf_changed":false,"footnotes":""},"class_list":["post-1345","page","type-page","status-publish","hentry"],"acf":[],"aioseo_notices":[],"aioseo_head":"\n\t\t<!-- All in One SEO Pro 5.0.1.1 - aioseo.com -->\n\t<link rel=\"canonical\" href=\"https:\/\/www.nplaw.ch\/sr\/?news=januar-2017\" \/>\n\t<meta name=\"generator\" content=\"All in One SEO Pro (AIOSEO) 5.0.1.1\" \/>\n\t\t<meta property=\"og:locale\" content=\"sr_RS\" \/>\n\t\t<meta property=\"og:site_name\" content=\"Neupert Vuille Partners -\" \/>\n\t\t<meta property=\"og:type\" content=\"article\" \/>\n\t\t<meta property=\"og:title\" content=\"Januar 2017 - Neupert Vuille Partners\" \/>\n\t\t<meta property=\"og:url\" content=\"https:\/\/www.nplaw.ch\/sr\/?news=januar-2017\" \/>\n\t\t<meta property=\"article:published_time\" content=\"2025-09-16T12:40:11+00:00\" \/>\n\t\t<meta property=\"article:modified_time\" content=\"2025-09-16T12:40:11+00:00\" \/>\n\t\t<meta name=\"twitter:card\" content=\"summary_large_image\" \/>\n\t\t<meta name=\"twitter:title\" content=\"Januar 2017 - Neupert Vuille Partners\" \/>\n\t\t<script type=\"application\/ld+json\" class=\"aioseo-schema\">\n\t\t\t{\"@context\":\"https:\\\/\\\/schema.org\",\"@graph\":[{\"@type\":\"BreadcrumbList\",\"@id\":\"https:\\\/\\\/www.nplaw.ch\\\/sr\\\/?news=januar-2017#breadcrumblist\",\"itemListElement\":[{\"@type\":\"ListItem\",\"@id\":\"https:\\\/\\\/www.nplaw.ch\\\/sr\\\/#listItem\",\"position\":1,\"name\":\"Home\",\"item\":\"https:\\\/\\\/www.nplaw.ch\\\/sr\\\/\",\"nextItem\":{\"@type\":\"ListItem\",\"@id\":\"https:\\\/\\\/www.nplaw.ch\\\/sr\\\/aktuell\\\/#listItem\",\"name\":\"Aktuell\"}},{\"@type\":\"ListItem\",\"@id\":\"https:\\\/\\\/www.nplaw.ch\\\/sr\\\/aktuell\\\/#listItem\",\"position\":2,\"name\":\"Aktuell\",\"previousItem\":{\"@type\":\"ListItem\",\"@id\":\"https:\\\/\\\/www.nplaw.ch\\\/sr\\\/#listItem\",\"name\":\"Home\"}}]},{\"@type\":\"Organization\",\"@id\":\"https:\\\/\\\/www.nplaw.ch\\\/sr\\\/#organization\",\"name\":\"Neupert Vuille Partners\",\"url\":\"https:\\\/\\\/www.nplaw.ch\\\/sr\\\/\"},{\"@type\":\"WebPage\",\"@id\":\"https:\\\/\\\/www.nplaw.ch\\\/sr\\\/?news=januar-2017#webpage\",\"url\":\"https:\\\/\\\/www.nplaw.ch\\\/sr\\\/?news=januar-2017\",\"name\":\"Januar 2017 - Neupert Vuille Partners\",\"inLanguage\":\"sr-RS\",\"isPartOf\":{\"@id\":\"https:\\\/\\\/www.nplaw.ch\\\/sr\\\/#website\"},\"breadcrumb\":{\"@id\":\"https:\\\/\\\/www.nplaw.ch\\\/sr\\\/?news=januar-2017#breadcrumblist\"},\"datePublished\":\"2025-09-16T14:40:11+02:00\",\"dateModified\":\"2025-09-16T14:40:11+02:00\"},{\"@type\":\"WebSite\",\"@id\":\"https:\\\/\\\/www.nplaw.ch\\\/sr\\\/#website\",\"url\":\"https:\\\/\\\/www.nplaw.ch\\\/sr\\\/\",\"name\":\"Neupert Vuille Partners\",\"inLanguage\":\"sr-RS\",\"publisher\":{\"@id\":\"https:\\\/\\\/www.nplaw.ch\\\/sr\\\/#organization\"}}]}\n\t\t<\/script>\n\t\t<!-- All in One SEO Pro -->\r\n\t\t<title>Januar 2017 - Neupert Vuille Partners<\/title>\n\n","aioseo_head_json":{"title":"Januar 2017 - Neupert Vuille Partners","description":"","canonical_url":"https:\/\/www.nplaw.ch\/sr\/?news=januar-2017","robots":"","keywords":"","webmasterTools":{"miscellaneous":""},"schema":{"@context":"https:\/\/schema.org","@graph":[{"@type":"BreadcrumbList","@id":"https:\/\/www.nplaw.ch\/sr\/?news=januar-2017#breadcrumblist","itemListElement":[{"@type":"ListItem","@id":"https:\/\/www.nplaw.ch\/sr\/#listItem","position":1,"name":"Home","item":"https:\/\/www.nplaw.ch\/sr\/","nextItem":{"@type":"ListItem","@id":"https:\/\/www.nplaw.ch\/sr\/aktuell\/#listItem","name":"Aktuell"}},{"@type":"ListItem","@id":"https:\/\/www.nplaw.ch\/sr\/aktuell\/#listItem","position":2,"name":"Aktuell","previousItem":{"@type":"ListItem","@id":"https:\/\/www.nplaw.ch\/sr\/#listItem","name":"Home"}}]},{"@type":"Organization","@id":"https:\/\/www.nplaw.ch\/sr\/#organization","name":"Neupert Vuille Partners","url":"https:\/\/www.nplaw.ch\/sr\/"},{"@type":"WebPage","@id":"https:\/\/www.nplaw.ch\/sr\/?news=januar-2017#webpage","url":"https:\/\/www.nplaw.ch\/sr\/?news=januar-2017","name":"Januar 2017 - Neupert Vuille Partners","inLanguage":"sr-RS","isPartOf":{"@id":"https:\/\/www.nplaw.ch\/sr\/#website"},"breadcrumb":{"@id":"https:\/\/www.nplaw.ch\/sr\/?news=januar-2017#breadcrumblist"},"datePublished":"2025-09-16T14:40:11+02:00","dateModified":"2025-09-16T14:40:11+02:00"},{"@type":"WebSite","@id":"https:\/\/www.nplaw.ch\/sr\/#website","url":"https:\/\/www.nplaw.ch\/sr\/","name":"Neupert Vuille Partners","inLanguage":"sr-RS","publisher":{"@id":"https:\/\/www.nplaw.ch\/sr\/#organization"}}]},"og:locale":"sr_RS","og:site_name":"Neupert Vuille Partners -","og:type":"article","og:title":"Januar 2017 - Neupert Vuille Partners","og:url":"https:\/\/www.nplaw.ch\/sr\/?news=januar-2017","article:published_time":"2025-09-16T12:40:11+00:00","article:modified_time":"2025-09-16T12:40:11+00:00","twitter:card":"summary_large_image","twitter:title":"Januar 2017 - Neupert Vuille Partners"},"aioseo_meta_data":{"post_id":"1345","title":null,"description":null,"keywords":null,"keyphrases":{"focus":[],"additional":[]},"primary_term":null,"canonical_url":null,"og_title":null,"og_description":null,"og_object_type":"default","og_image_type":"default","og_image_url":null,"og_image_width":null,"og_image_height":null,"og_image_custom_url":null,"og_image_custom_fields":null,"og_video":null,"og_custom_url":null,"og_article_section":null,"og_article_tags":null,"twitter_use_og":false,"twitter_card":"default","twitter_image_type":"default","twitter_image_url":null,"twitter_image_custom_url":null,"twitter_image_custom_fields":null,"twitter_title":null,"twitter_description":null,"schema":{"blockGraphs":[],"customGraphs":[],"default":{"data":{"Article":[],"Course":[],"Dataset":[],"FAQPage":[],"Movie":[],"Person":[],"Product":[],"ProductReview":[],"Car":[],"Recipe":[],"Service":[],"SoftwareApplication":[],"WebPage":[]},"graphName":"","isEnabled":true},"graphs":[]},"schema_type":"default","schema_type_options":null,"pillar_content":false,"robots_default":true,"robots_noindex":false,"robots_noarchive":false,"robots_nosnippet":false,"robots_nofollow":false,"robots_noimageindex":false,"robots_noodp":false,"robots_notranslate":false,"robots_max_snippet":null,"robots_max_videopreview":null,"robots_max_imagepreview":"large","priority":null,"frequency":null,"local_seo":null,"seo_analyzer_scan_date":"2026-05-18 06:53:50","breadcrumb_settings":null,"limit_modified_date":false,"open_ai":null,"ai":null,"created":"2025-11-03 08:41:50","updated":"2026-08-21 12:45:56","focus_keyword":null,"additional_keywords":null,"truseo_locale":null},"aioseo_breadcrumb":"<div class=\"aioseo-breadcrumbs\"><span class=\"aioseo-breadcrumb\">\n\t<a href=\"https:\/\/www.nplaw.ch\/sr\/\" title=\"Home\">Home<\/a>\n<\/span><span class=\"aioseo-breadcrumb-separator\">\u00bb<\/span><span class=\"aioseo-breadcrumb\">\n\tAktuell\n<\/span><\/div>","aioseo_breadcrumb_json":[{"label":"Home","link":"https:\/\/www.nplaw.ch\/sr\/"},{"label":"Aktuell","link":"https:\/\/www.nplaw.ch\/sr\/aktuell\/"}],"_links":{"self":[{"href":"https:\/\/www.nplaw.ch\/sr\/wp-json\/wp\/v2\/pages\/1345","targetHints":{"allow":["GET"]}}],"collection":[{"href":"https:\/\/www.nplaw.ch\/sr\/wp-json\/wp\/v2\/pages"}],"about":[{"href":"https:\/\/www.nplaw.ch\/sr\/wp-json\/wp\/v2\/types\/page"}],"author":[{"embeddable":true,"href":"https:\/\/www.nplaw.ch\/sr\/wp-json\/wp\/v2\/users\/1"}],"replies":[{"embeddable":true,"href":"https:\/\/www.nplaw.ch\/sr\/wp-json\/wp\/v2\/comments?post=1345"}],"version-history":[{"count":46,"href":"https:\/\/www.nplaw.ch\/sr\/wp-json\/wp\/v2\/pages\/1345\/revisions"}],"predecessor-version":[{"id":3153,"href":"https:\/\/www.nplaw.ch\/sr\/wp-json\/wp\/v2\/pages\/1345\/revisions\/3153"}],"wp:attachment":[{"href":"https:\/\/www.nplaw.ch\/sr\/wp-json\/wp\/v2\/media?parent=1345"}],"curies":[{"name":"wp","href":"https:\/\/api.w.org\/{rel}","templated":true}]}}